{"id":2729,"date":"2019-06-21T17:12:48","date_gmt":"2019-06-21T15:12:48","guid":{"rendered":"http:\/\/www.ungarn-in-sachsen.de\/?page_id=2729"},"modified":"2025-08-23T18:19:31","modified_gmt":"2025-08-23T16:19:31","slug":"projektek","status":"publish","type":"page","link":"https:\/\/www.ungarn-in-sachsen.de\/hu\/projektek\/","title":{"rendered":"Projektek"},"content":{"rendered":"<p>[et_pb_section fb_built=&#8221;1&#8243; admin_label=&#8221;Willkommen&#8221; _builder_version=&#8221;4.19.4&#8243; use_background_color_gradient=&#8221;on&#8221; background_color_gradient_stops=&#8221;rgba(155,155,155,0.5) 0%|rgba(0,0,0,0) 100%&#8221; background_color_gradient_overlays_image=&#8221;on&#8221; background_color_gradient_start=&#8221;rgba(0,0,0,0.5)&#8221; background_color_gradient_end=&#8221;rgba(0,0,0,0)&#8221; background_image=&#8221;https:\/\/www.ungarn-in-sachsen.de\/wp-content\/uploads\/2023\/01\/CIMG5572-700&#215;525-1.jpg&#8221; background_position=&#8221;bottom_center&#8221; background_vertical_offset=&#8221;40%&#8221; custom_margin=&#8221;||||false|false&#8221; custom_padding=&#8221;200px||200px||true|false&#8221; bottom_divider_style=&#8221;wave2&#8243; bottom_divider_color=&#8221;#ffffff&#8221; bottom_divider_flip=&#8221;horizontal&#8221; animation_style=&#8221;slide&#8221; animation_direction=&#8221;top&#8221; animation_intensity_slide=&#8221;5%&#8221; animation_starting_opacity=&#8221;100%&#8221; global_colors_info=&#8221;{}&#8221;][et_pb_row _builder_version=&#8221;4.19.4&#8243; background_size=&#8221;initial&#8221; background_position=&#8221;top_left&#8221; background_repeat=&#8221;repeat&#8221; custom_padding=&#8221;27px|0px|0px|0px&#8221; global_colors_info=&#8221;{}&#8221;][et_pb_column type=&#8221;4_4&#8243; _builder_version=&#8221;4.16&#8243; custom_padding=&#8221;|||&#8221; global_colors_info=&#8221;{}&#8221; custom_padding__hover=&#8221;|||&#8221;][et_pb_text admin_label=&#8221;Title&#8221; _builder_version=&#8221;4.19.4&#8243; text_font=&#8221;||||||||&#8221; header_font=&#8221;|600|||||||&#8221; header_font_size=&#8221;75px&#8221; header_line_height=&#8221;1.2em&#8221; background_layout=&#8221;dark&#8221; animation_style=&#8221;zoom&#8221; animation_direction=&#8221;left&#8221; animation_intensity_zoom=&#8221;10%&#8221; header_font_size_tablet=&#8221;&#8221; header_font_size_phone=&#8221;72px&#8221; header_font_size_last_edited=&#8221;on|phone&#8221; global_colors_info=&#8221;{}&#8221;]<\/p>\n<h1 style=\"font-weight: 400; text-align: center;\">Projektek<\/h1>\n<p>[\/et_pb_text][\/et_pb_column][\/et_pb_row][\/et_pb_section][et_pb_section fb_built=&#8221;1&#8243; admin_label=&#8221;Events&#8221; _builder_version=&#8221;4.19.4&#8243; _module_preset=&#8221;default&#8221; background_color=&#8221;#FFFFFF&#8221; global_colors_info=&#8221;{%22gcid-abdd1dfe-115d-40b5-9c1d-c1c9635de504%22:%91%93}&#8221;][et_pb_row _builder_version=&#8221;4.16&#8243; _module_preset=&#8221;default&#8221; locked=&#8221;off&#8221; global_colors_info=&#8221;{}&#8221;][et_pb_column type=&#8221;4_4&#8243; _builder_version=&#8221;4.16&#8243; _module_preset=&#8221;default&#8221; global_colors_info=&#8221;{}&#8221;][et_pb_text _builder_version=&#8221;4.19.4&#8243; _module_preset=&#8221;90865f4d-2cce-42a7-b40e-d3fbad25605a&#8221; text_font=&#8221;||||||||&#8221; text_font_size=&#8221;16px&#8221; header_2_font=&#8221;||||||||&#8221; header_2_text_color=&#8221;#141414&#8243; header_2_font_size=&#8221;60px&#8221; header_2_line_height=&#8221;1.2em&#8221; header_3_text_align=&#8221;left&#8221; header_4_line_height=&#8221;1.5em&#8221; text_orientation=&#8221;center&#8221; max_width=&#8221;1080px&#8221; module_alignment=&#8221;center&#8221; custom_margin=&#8221;||0px||false|false&#8221; header_2_font_size_tablet=&#8221;32px&#8221; header_2_font_size_phone=&#8221;20px&#8221; header_2_font_size_last_edited=&#8221;on|tablet&#8221; header_2_line_height_tablet=&#8221;1.3em&#8221; header_2_line_height_phone=&#8221;1.4em&#8221; header_2_line_height_last_edited=&#8221;on|phone&#8221; saved_tabs=&#8221;all&#8221; global_colors_info=&#8221;{%22gcid-3f47e762-ddb9-4bcc-9a88-eb1cda6175db%22:%91%93}&#8221;]<\/p>\n<h3><span style=\"color: #008000;\"><a href=\"http:\/\/www.ungarn-in-sachsen.de\/?cat=8\" style=\"color: #008000;\">WortSchatz<\/a><\/span><\/h3>\n<p style=\"text-align: left;\"><span style=\"text-decoration: underline;\"><span style=\"color: #008000;\"><a href=\"http:\/\/www.ungarn-in-sachsen.de\/?cat=8\" style=\"color: #008000; text-decoration: underline;\">\u201eSz\u00f3kincs\u201d projekt\u00fcnkkel<\/a><\/span><\/span> a magyar irodalomnak \u00e9s zen\u00e9nek szentelj\u00fck figyelm\u00fcnket. A program keret\u00e9ben felolvas\u00e1sokat \u00e9s t\u00f6rt\u00e9nelmi h\u00e1tt\u00e9rinform\u00e1ci\u00f3kat hallhatnak a jelent\u0151s magyar m\u0171v\u00e9szek sz\u00e1mos \u00e9rdekes m\u0171v\u00e9nek keletkez\u00e9s\u00e9r\u0151l.<\/p>\n<p style=\"text-align: left;\">\n<h3><span style=\"color: #008000;\"><a href=\"http:\/\/www.ungarn-in-sachsen.de\/?cat=3\" style=\"color: #008000;\">1848\/1849. m\u00e1rcius 15.<\/a><\/span><\/h3>\n<p style=\"text-align: left;\">A <a href=\"http:\/\/www.ungarn-in-sachsen.de\/?cat=3\"><span style=\"text-decoration: underline;\"><span style=\"color: #008000; text-decoration: underline;\">\u201eM\u00e1rcius 15.\u201d projekt<\/span><\/span><\/a> keret\u00e9ben minden \u00e9vben a nemzeti \u00fcnnep alkalm\u00e1val foglalkozunk a 1848\/1849-es magyar forradalom t\u00f6rt\u00e9net\u00e9vel.<\/p>\n<p style=\"text-align: left;\">\n<h3><span style=\"color: #008000;\"><a href=\"http:\/\/www.ungarn-in-sachsen.de\/?cat=2\" style=\"color: #008000;\">Chemnitzben gy\u00f6kerez\u0151<\/a><\/span> <\/h3>\n<p style=\"text-align: left;\">A Karl-Marx-Stadtban dolgoz\u00f3 egykori k\u00fclf\u00f6ldi szerz\u0151d\u00e9ses munk\u00e1sok eml\u00e9k\u00e9re, valamint a k\u00f6zt\u00fck \u00e9s v\u00e1rosunk k\u00f6z\u00f6tt fenn\u00e1ll\u00f3 szoros kapcsolat jelk\u00e9pek\u00e9nt a <span style=\"text-decoration: underline;\"><span style=\"color: #008000; text-decoration: underline;\"><a href=\"http:\/\/www.ungarn-in-sachsen.de\/?cat=2\" style=\"color: #008000; text-decoration: underline;\">\u201eVerwurzelt in Chemnitz\u201d (Gy\u00f6kerek Chemnitzben) projekt<\/a><\/span><\/span> keret\u00e9ben m\u00e1s egyes\u00fcletekkel k\u00f6z\u00f6sen t\u00f6bb f\u00e1t \u00fcltett\u00fcnk az \u201eAm Wall\u201d parkban.<\/p>\n<p style=\"text-align: left;\">\n<h3><span style=\"color: #008000;\"><a href=\"http:\/\/www.ungarn-in-sachsen.de\/?cat=4\" style=\"color: #008000;\">Ki\u00e1ll\u00edt\u00e1s \u201eA Balaton-t\u00f3l a Stausee-hez. Magyarok \u00e9lete Karl-Marx-Stadtban \/ Chemnitzben&#8221;<\/a><\/span> <\/h3>\n<p style=\"text-align: left;\">Els\u0151 projektj\u00e9ben egyes\u00fclet\u00fcnk a chemnitzi \u00e9s k\u00f6rny\u00e9kbeli <span style=\"text-decoration: underline;\"><span style=\"color: #008000;\"><a href=\"http:\/\/www.ungarn-in-sachsen.de\/?cat=4\" style=\"color: #008000; text-decoration: underline;\">magyar szerz\u0151d\u00e9ses munk\u00e1sok t\u00f6rt\u00e9net\u00e9vel <\/a><\/span><\/span>foglalkozott.<\/p>\n<p>[\/et_pb_text][\/et_pb_column][\/et_pb_row][\/et_pb_section]<\/p>\n","protected":false},"excerpt":{"rendered":"<p>ProjektekWortSchatz \u201eSz\u00f3kincs\u201d projekt\u00fcnkkel a magyar irodalomnak \u00e9s zen\u00e9nek szentelj\u00fck figyelm\u00fcnket. A program keret\u00e9ben felolvas\u00e1sokat \u00e9s t\u00f6rt\u00e9nelmi h\u00e1tt\u00e9rinform\u00e1ci\u00f3kat hallhatnak a jelent\u0151s magyar m\u0171v\u00e9szek sz\u00e1mos \u00e9rdekes m\u0171v\u00e9nek keletkez\u00e9s\u00e9r\u0151l. 1848\/1849. m\u00e1rcius 15. A [&hellip;]<\/p>\n","protected":false},"author":1,"featured_media":0,"parent":0,"menu_order":3,"comment_status":"closed","ping_status":"closed","template":"","meta":{"_et_pb_use_builder":"on","_et_pb_old_content":"","_et_gb_content_width":"","footnotes":""},"class_list":["post-2729","page","type-page","status-publish","hentry"],"yoast_head":"<!-- This site is optimized with the Yoast SEO plugin v27.4 - https:\/\/yoast.com\/product\/yoast-seo-wordpress\/ -->\n<title>Projektek - Ungarischer Kulturverein Chemnitz und Umgebung e. V.<\/title>\n<meta name=\"description\" content=\"Ismerje meg projektjeinket, mint p\u00e9ld\u00e1ul a WortSchatz sorozatot! L\u00e1togasson el rendezv\u00e9nyeinkre, hogy megismerje a magyar kult\u00far\u00e1t.\" \/>\n<meta name=\"robots\" content=\"index, follow, max-snippet:-1, max-image-preview:large, max-video-preview:-1\" \/>\n<link rel=\"canonical\" href=\"https:\/\/www.ungarn-in-sachsen.de\/hu\/projektek\/\" \/>\n<meta property=\"og:locale\" content=\"hu_HU\" \/>\n<meta property=\"og:type\" content=\"article\" \/>\n<meta property=\"og:title\" content=\"Projektek - Ungarischer Kulturverein Chemnitz und Umgebung e. V.\" \/>\n<meta property=\"og:description\" content=\"Ismerje meg projektjeinket, mint p\u00e9ld\u00e1ul a WortSchatz sorozatot! L\u00e1togasson el rendezv\u00e9nyeinkre, hogy megismerje a magyar kult\u00far\u00e1t.\" \/>\n<meta property=\"og:url\" content=\"https:\/\/www.ungarn-in-sachsen.de\/hu\/projektek\/\" \/>\n<meta property=\"og:site_name\" content=\"Ungarischer Kulturverein Chemnitz und Umgebung e. V.\" \/>\n<meta property=\"article:publisher\" content=\"https:\/\/www.facebook.com\/Ungarischer-Kulturverein-Chemnitz-und-Umgebung-eV-229421257171599\/\" \/>\n<meta property=\"article:modified_time\" content=\"2025-08-23T16:19:31+00:00\" \/>\n<meta name=\"twitter:card\" content=\"summary_large_image\" \/>\n<meta name=\"twitter:label1\" content=\"Becs\u00fclt olvas\u00e1si id\u0151\" \/>\n\t<meta name=\"twitter:data1\" content=\"3 perc\" \/>\n<script type=\"application\/ld+json\" class=\"yoast-schema-graph\">{\"@context\":\"https:\\\/\\\/schema.org\",\"@graph\":[{\"@type\":\"WebPage\",\"@id\":\"https:\\\/\\\/www.ungarn-in-sachsen.de\\\/hu\\\/projektek\\\/\",\"url\":\"https:\\\/\\\/www.ungarn-in-sachsen.de\\\/hu\\\/projektek\\\/\",\"name\":\"Projektek - Ungarischer Kulturverein Chemnitz und Umgebung e. V.\",\"isPartOf\":{\"@id\":\"https:\\\/\\\/www.ungarn-in-sachsen.de\\\/hu\\\/#website\"},\"datePublished\":\"2019-06-21T15:12:48+00:00\",\"dateModified\":\"2025-08-23T16:19:31+00:00\",\"description\":\"Ismerje meg projektjeinket, mint p\u00e9ld\u00e1ul a WortSchatz sorozatot! L\u00e1togasson el rendezv\u00e9nyeinkre, hogy megismerje a magyar kult\u00far\u00e1t.\",\"breadcrumb\":{\"@id\":\"https:\\\/\\\/www.ungarn-in-sachsen.de\\\/hu\\\/projektek\\\/#breadcrumb\"},\"inLanguage\":\"hu\",\"potentialAction\":[{\"@type\":\"ReadAction\",\"target\":[\"https:\\\/\\\/www.ungarn-in-sachsen.de\\\/hu\\\/projektek\\\/\"]}]},{\"@type\":\"BreadcrumbList\",\"@id\":\"https:\\\/\\\/www.ungarn-in-sachsen.de\\\/hu\\\/projektek\\\/#breadcrumb\",\"itemListElement\":[{\"@type\":\"ListItem\",\"position\":1,\"name\":\"Startseite\",\"item\":\"https:\\\/\\\/www.ungarn-in-sachsen.de\\\/hu\\\/\"},{\"@type\":\"ListItem\",\"position\":2,\"name\":\"Projektek\"}]},{\"@type\":\"WebSite\",\"@id\":\"https:\\\/\\\/www.ungarn-in-sachsen.de\\\/hu\\\/#website\",\"url\":\"https:\\\/\\\/www.ungarn-in-sachsen.de\\\/hu\\\/\",\"name\":\"Ungarischer Kulturverein Chemnitz und Umgebung e. V.\",\"description\":\"Treffpunkt f\u00fcr Freunde der ungarischen Kultur\",\"publisher\":{\"@id\":\"https:\\\/\\\/www.ungarn-in-sachsen.de\\\/hu\\\/#organization\"},\"potentialAction\":[{\"@type\":\"SearchAction\",\"target\":{\"@type\":\"EntryPoint\",\"urlTemplate\":\"https:\\\/\\\/www.ungarn-in-sachsen.de\\\/hu\\\/?s={search_term_string}\"},\"query-input\":{\"@type\":\"PropertyValueSpecification\",\"valueRequired\":true,\"valueName\":\"search_term_string\"}}],\"inLanguage\":\"hu\"},{\"@type\":\"Organization\",\"@id\":\"https:\\\/\\\/www.ungarn-in-sachsen.de\\\/hu\\\/#organization\",\"name\":\"Ungarischer Kulturverein Chemnitz und Umgebung e.V.\",\"url\":\"https:\\\/\\\/www.ungarn-in-sachsen.de\\\/hu\\\/\",\"logo\":{\"@type\":\"ImageObject\",\"inLanguage\":\"hu\",\"@id\":\"https:\\\/\\\/www.ungarn-in-sachsen.de\\\/hu\\\/#\\\/schema\\\/logo\\\/image\\\/\",\"url\":\"https:\\\/\\\/www.ungarn-in-sachsen.de\\\/wp-content\\\/uploads\\\/2019\\\/04\\\/logo.jpg\",\"contentUrl\":\"https:\\\/\\\/www.ungarn-in-sachsen.de\\\/wp-content\\\/uploads\\\/2019\\\/04\\\/logo.jpg\",\"width\":266,\"height\":170,\"caption\":\"Ungarischer Kulturverein Chemnitz und Umgebung e.V.\"},\"image\":{\"@id\":\"https:\\\/\\\/www.ungarn-in-sachsen.de\\\/hu\\\/#\\\/schema\\\/logo\\\/image\\\/\"},\"sameAs\":[\"https:\\\/\\\/www.facebook.com\\\/Ungarischer-Kulturverein-Chemnitz-und-Umgebung-eV-229421257171599\\\/\"]}]}<\/script>\n<!-- \/ Yoast SEO plugin. -->","yoast_head_json":{"title":"Projektek - Ungarischer Kulturverein Chemnitz und Umgebung e. V.","description":"Ismerje meg projektjeinket, mint p\u00e9ld\u00e1ul a WortSchatz sorozatot! L\u00e1togasson el rendezv\u00e9nyeinkre, hogy megismerje a magyar kult\u00far\u00e1t.","robots":{"index":"index","follow":"follow","max-snippet":"max-snippet:-1","max-image-preview":"max-image-preview:large","max-video-preview":"max-video-preview:-1"},"canonical":"https:\/\/www.ungarn-in-sachsen.de\/hu\/projektek\/","og_locale":"hu_HU","og_type":"article","og_title":"Projektek - Ungarischer Kulturverein Chemnitz und Umgebung e. V.","og_description":"Ismerje meg projektjeinket, mint p\u00e9ld\u00e1ul a WortSchatz sorozatot! L\u00e1togasson el rendezv\u00e9nyeinkre, hogy megismerje a magyar kult\u00far\u00e1t.","og_url":"https:\/\/www.ungarn-in-sachsen.de\/hu\/projektek\/","og_site_name":"Ungarischer Kulturverein Chemnitz und Umgebung e. V.","article_publisher":"https:\/\/www.facebook.com\/Ungarischer-Kulturverein-Chemnitz-und-Umgebung-eV-229421257171599\/","article_modified_time":"2025-08-23T16:19:31+00:00","twitter_card":"summary_large_image","twitter_misc":{"Becs\u00fclt olvas\u00e1si id\u0151":"3 perc"},"schema":{"@context":"https:\/\/schema.org","@graph":[{"@type":"WebPage","@id":"https:\/\/www.ungarn-in-sachsen.de\/hu\/projektek\/","url":"https:\/\/www.ungarn-in-sachsen.de\/hu\/projektek\/","name":"Projektek - Ungarischer Kulturverein Chemnitz und Umgebung e. V.","isPartOf":{"@id":"https:\/\/www.ungarn-in-sachsen.de\/hu\/#website"},"datePublished":"2019-06-21T15:12:48+00:00","dateModified":"2025-08-23T16:19:31+00:00","description":"Ismerje meg projektjeinket, mint p\u00e9ld\u00e1ul a WortSchatz sorozatot! L\u00e1togasson el rendezv\u00e9nyeinkre, hogy megismerje a magyar kult\u00far\u00e1t.","breadcrumb":{"@id":"https:\/\/www.ungarn-in-sachsen.de\/hu\/projektek\/#breadcrumb"},"inLanguage":"hu","potentialAction":[{"@type":"ReadAction","target":["https:\/\/www.ungarn-in-sachsen.de\/hu\/projektek\/"]}]},{"@type":"BreadcrumbList","@id":"https:\/\/www.ungarn-in-sachsen.de\/hu\/projektek\/#breadcrumb","itemListElement":[{"@type":"ListItem","position":1,"name":"Startseite","item":"https:\/\/www.ungarn-in-sachsen.de\/hu\/"},{"@type":"ListItem","position":2,"name":"Projektek"}]},{"@type":"WebSite","@id":"https:\/\/www.ungarn-in-sachsen.de\/hu\/#website","url":"https:\/\/www.ungarn-in-sachsen.de\/hu\/","name":"Ungarischer Kulturverein Chemnitz und Umgebung e. V.","description":"Treffpunkt f\u00fcr Freunde der ungarischen Kultur","publisher":{"@id":"https:\/\/www.ungarn-in-sachsen.de\/hu\/#organization"},"potentialAction":[{"@type":"SearchAction","target":{"@type":"EntryPoint","urlTemplate":"https:\/\/www.ungarn-in-sachsen.de\/hu\/?s={search_term_string}"},"query-input":{"@type":"PropertyValueSpecification","valueRequired":true,"valueName":"search_term_string"}}],"inLanguage":"hu"},{"@type":"Organization","@id":"https:\/\/www.ungarn-in-sachsen.de\/hu\/#organization","name":"Ungarischer Kulturverein Chemnitz und Umgebung e.V.","url":"https:\/\/www.ungarn-in-sachsen.de\/hu\/","logo":{"@type":"ImageObject","inLanguage":"hu","@id":"https:\/\/www.ungarn-in-sachsen.de\/hu\/#\/schema\/logo\/image\/","url":"https:\/\/www.ungarn-in-sachsen.de\/wp-content\/uploads\/2019\/04\/logo.jpg","contentUrl":"https:\/\/www.ungarn-in-sachsen.de\/wp-content\/uploads\/2019\/04\/logo.jpg","width":266,"height":170,"caption":"Ungarischer Kulturverein Chemnitz und Umgebung e.V."},"image":{"@id":"https:\/\/www.ungarn-in-sachsen.de\/hu\/#\/schema\/logo\/image\/"},"sameAs":["https:\/\/www.facebook.com\/Ungarischer-Kulturverein-Chemnitz-und-Umgebung-eV-229421257171599\/"]}]}},"_links":{"self":[{"href":"https:\/\/www.ungarn-in-sachsen.de\/hu\/wp-json\/wp\/v2\/pages\/2729","targetHints":{"allow":["GET"]}}],"collection":[{"href":"https:\/\/www.ungarn-in-sachsen.de\/hu\/wp-json\/wp\/v2\/pages"}],"about":[{"href":"https:\/\/www.ungarn-in-sachsen.de\/hu\/wp-json\/wp\/v2\/types\/page"}],"author":[{"embeddable":true,"href":"https:\/\/www.ungarn-in-sachsen.de\/hu\/wp-json\/wp\/v2\/users\/1"}],"replies":[{"embeddable":true,"href":"https:\/\/www.ungarn-in-sachsen.de\/hu\/wp-json\/wp\/v2\/comments?post=2729"}],"version-history":[{"count":0,"href":"https:\/\/www.ungarn-in-sachsen.de\/hu\/wp-json\/wp\/v2\/pages\/2729\/revisions"}],"wp:attachment":[{"href":"https:\/\/www.ungarn-in-sachsen.de\/hu\/wp-json\/wp\/v2\/media?parent=2729"}],"curies":[{"name":"wp","href":"https:\/\/api.w.org\/{rel}","templated":true}]}}