{"id":33743,"date":"2023-03-25T14:18:21","date_gmt":"2023-03-25T13:18:21","guid":{"rendered":"https:\/\/www.ungarn-in-sachsen.de\/honlap\/"},"modified":"2025-04-22T10:53:21","modified_gmt":"2025-04-22T08:53:21","slug":"honlap","status":"publish","type":"page","link":"https:\/\/www.ungarn-in-sachsen.de\/hu\/","title":{"rendered":"Honlap"},"content":{"rendered":"<p>[et_pb_section fb_built=&#8221;1&#8243; custom_padding_last_edited=&#8221;on|phone&#8221; admin_label=&#8221;Willkommen&#8221; _builder_version=&#8221;4.24.3&#8243; use_background_color_gradient=&#8221;on&#8221; background_color_gradient_stops=&#8221;rgba(155,155,155,0.5) 0%|rgba(0,0,0,0) 100%&#8221; background_color_gradient_overlays_image=&#8221;on&#8221; background_color_gradient_start=&#8221;rgba(0,0,0,0.5)&#8221; background_color_gradient_end=&#8221;rgba(0,0,0,0)&#8221; background_image=&#8221;https:\/\/www.ungarn-in-sachsen.de\/wp-content\/uploads\/2020\/03\/header.jpg&#8221; background_blend=&#8221;multiply&#8221; custom_margin=&#8221;|||&#8221; custom_padding=&#8221;300px||300px||true|false&#8221; custom_padding_tablet=&#8221;200px||200px||true|false&#8221; custom_padding_phone=&#8221;150px||150px||true|false&#8221; bottom_divider_style=&#8221;wave2&#8243; bottom_divider_color=&#8221;#ffffff&#8221; bottom_divider_flip=&#8221;horizontal&#8221; animation_style=&#8221;slide&#8221; animation_direction=&#8221;top&#8221; animation_intensity_slide=&#8221;5%&#8221; animation_starting_opacity=&#8221;100%&#8221; global_colors_info=&#8221;{}&#8221;][et_pb_row _builder_version=&#8221;4.24.3&#8243; background_color=&#8221;RGBA(255,255,255,0)&#8221; background_size=&#8221;initial&#8221; background_position=&#8221;top_left&#8221; background_repeat=&#8221;repeat&#8221; custom_padding=&#8221;27px|0px|0px|0px&#8221; global_colors_info=&#8221;{}&#8221;][et_pb_column type=&#8221;4_4&#8243; _builder_version=&#8221;4.16&#8243; custom_padding=&#8221;|||&#8221; global_colors_info=&#8221;{}&#8221; custom_padding__hover=&#8221;|||&#8221;][et_pb_text admin_label=&#8221;Title&#8221; _builder_version=&#8221;4.27.4&#8243; text_font=&#8221;||||||||&#8221; header_font=&#8221;|600|||||||&#8221; header_text_color=&#8221;#FFFFFF&#8221; header_font_size=&#8221;70px&#8221; header_line_height=&#8221;1.2em&#8221; background_layout=&#8221;dark&#8221; animation_style=&#8221;zoom&#8221; animation_direction=&#8221;left&#8221; animation_intensity_zoom=&#8221;10%&#8221; header_font_size_tablet=&#8221;50px&#8221; header_font_size_phone=&#8221;40px&#8221; header_font_size_last_edited=&#8221;on|phone&#8221; global_colors_info=&#8221;{}&#8221;]<\/p>\n<h1 style=\"font-weight: 400; text-align: center;\">Szeretettel \u00fcdv\u00f6z\u00f6lj\u00fck<\/h1>\n<p>[\/et_pb_text][\/et_pb_column][\/et_pb_row][\/et_pb_section][et_pb_section fb_built=&#8221;1&#8243; admin_label=&#8221;\u00dcber uns&#8221; _builder_version=&#8221;4.20.4&#8243; custom_padding=&#8221;90px||||false|false&#8221; global_colors_info=&#8221;{}&#8221;][et_pb_row admin_label=&#8221;Zeile&#8221; _builder_version=&#8221;4.16&#8243; custom_margin=&#8221;|||&#8221; custom_padding=&#8221;|||&#8221; global_colors_info=&#8221;{}&#8221;][et_pb_column type=&#8221;4_4&#8243; _builder_version=&#8221;4.16&#8243; custom_padding=&#8221;|||&#8221; global_colors_info=&#8221;{}&#8221; custom_padding__hover=&#8221;|||&#8221;][et_pb_text admin_label=&#8221;Subtitle&#8221; _builder_version=&#8221;4.19.4&#8243; text_font=&#8221;|500||on|||||&#8221; text_text_color=&#8221;rgba(0,0,0,0.75)&#8221; header_font=&#8221;||||||||&#8221; text_orientation=&#8221;center&#8221; animation_style=&#8221;fade&#8221; global_colors_info=&#8221;{}&#8221;]<\/p>\n<p>Kik vagyunk \u00e9s mit csin\u00e1lunk<\/p>\n<p>[\/et_pb_text][et_pb_text admin_label=&#8221;Title&#8221; _builder_version=&#8221;4.27.4&#8243; text_font=&#8221;Montserrat|300|||||||&#8221; text_font_size=&#8221;16px&#8221; text_line_height=&#8221;1.8em&#8221; header_font=&#8221;||||||||&#8221; header_2_font=&#8221;|500|||||||&#8221; header_2_text_align=&#8221;center&#8221; header_2_font_size=&#8221;30px&#8221; header_2_line_height=&#8221;1.4em&#8221; header_3_line_height=&#8221;1.5em&#8221; header_4_line_height=&#8221;1.5em&#8221; text_orientation=&#8221;center&#8221; max_width=&#8221;900px&#8221; module_alignment=&#8221;center&#8221; animation_direction=&#8221;right&#8221; global_colors_info=&#8221;{}&#8221;]<\/p>\n<h3 style=\"font-weight: 400;\">A \u201eMagyar Kultur\u00e1lis Egyes\u00fclet Chemnitz \u00e9s K\u00f6rny\u00e9ke e. V.\u201d c\u00e9lja a magyar kult\u00fara k\u00f6zvet\u00edt\u00e9se \u00e9s fenntart\u00e1sa.<\/h3>\n<h4><\/h4>\n<h4><\/h4>\n<h4>Tagjaink k\u00f6z\u00f6tt vannak magyarok \u00e9s n\u00e9metek, volt b\u00e9rmunk\u00e1sok \u00e9s csal\u00e1djaik, idek\u00f6lt\u00f6z\u00f6tt magyarok, valamint az orsz\u00e1g, a nyelv \u00e9s a kult\u00fara bar\u00e1tai.<\/h4>\n<p>[\/et_pb_text][\/et_pb_column][\/et_pb_row][\/et_pb_section][et_pb_section fb_built=&#8221;1&#8243; admin_label=&#8221;Veranstaltungen&#8221; _builder_version=&#8221;4.19.4&#8243; use_background_color_gradient=&#8221;on&#8221; background_color_gradient_direction=&#8221;120deg&#8221; background_color_gradient_stops=&#8221;#4e9118 0%|#296b11 100%&#8221; background_color_gradient_start=&#8221;#a258ff&#8221; background_color_gradient_end=&#8221;#308cff&#8221; max_width=&#8221;80%&#8221; max_width_tablet=&#8221;100%&#8221; max_width_phone=&#8221;&#8221; max_width_last_edited=&#8221;on|desktop&#8221; custom_margin=&#8221;|||&#8221; custom_padding=&#8221;|||&#8221; global_colors_info=&#8221;{}&#8221;][et_pb_row column_structure=&#8221;1_2,1_2&#8243; _builder_version=&#8221;4.16&#8243; max_width=&#8221;80%&#8221; custom_margin=&#8221;|-12%||&#8221; custom_margin_tablet=&#8221;|10%||10%&#8221; custom_margin_phone=&#8221;&#8221; custom_margin_last_edited=&#8221;on|tablet&#8221; custom_padding=&#8221;|||&#8221; use_custom_width=&#8221;on&#8221; width_unit=&#8221;off&#8221; global_colors_info=&#8221;{}&#8221;][et_pb_column type=&#8221;1_2&#8243; _builder_version=&#8221;4.16&#8243; custom_padding=&#8221;|||&#8221; global_colors_info=&#8221;{}&#8221; custom_padding__hover=&#8221;|||&#8221;][et_pb_text _builder_version=&#8221;4.22.2&#8243; text_font=&#8221;Montserrat||||||||&#8221; text_font_size=&#8221;24px&#8221; text_line_height=&#8221;1.6em&#8221; header_font=&#8221;||||||||&#8221; header_2_line_height=&#8221;2.5em&#8221; header_3_line_height=&#8221;1.5em&#8221; header_4_font_size=&#8221;17px&#8221; header_4_line_height=&#8221;1.5em&#8221; background_layout=&#8221;dark&#8221; animation_style=&#8221;fade&#8221; global_colors_info=&#8221;{}&#8221;]<\/p>\n<h2 style=\"font-weight: 400;\">Rendezv\u00e9nyek<\/h2>\n<p><\/p>\n<h3>Kult\u00fara \u00e9s nyelv<\/h3>\n<p><\/p>\n<h4>J\u00f3 lehet\u0151s\u00e9g tal\u00e1lkozni bar\u00e1tokkal \u00e9s mindenkivel, aki szeretn\u00e9 tartani a kapcsolatot Magyarorsz\u00e1ggal, az orsz\u00e1ggal \u00e9s az emberekkel.<\/h4>\n<p><\/p>\n<h4>\u00a0<\/h4>\n<p><\/p>\n<h3>Jelen lenni \u00e9s r\u00e9szt venni<\/h3>\n<p><\/p>\n<h4>Rendezv\u00e9nyeink t\u00f6bbnyire vend\u00e9geknek nyitva vannak, p\u00e9ld\u00e1ul a havi t\u00f6rzsasztal. Sz\u00edvesen j\u00f6jj\u00f6n! K\u00fcl\u00f6n\u00f6sen \u00f6r\u00fcl\u00fcnk, ha szeretne r\u00e9szt venni.<\/h4>\n<p>[\/et_pb_text][et_pb_button button_url=&#8221;https:\/\/www.ungarn-in-sachsen.de\/hu\/rendezvenyek\/naptar\/&#8221; button_text=&#8221;Esem\u00e9nynapt\u00e1r&#8221; admin_label=&#8221;Button&#8221; _builder_version=&#8221;4.21.0&#8243; custom_button=&#8221;on&#8221; button_text_size=&#8221;14px&#8221; button_bg_color=&#8221;rgba(0,0,0,0.3)&#8221; button_border_width=&#8221;0px&#8221; button_border_color=&#8221;#296b11&#8243; button_border_radius=&#8221;10px&#8221; button_font=&#8221;|500||on|||||&#8221; button_use_icon=&#8221;off&#8221; background_layout=&#8221;dark&#8221; custom_margin=&#8221;20px|||&#8221; custom_padding=&#8221;20px|45px|20px|45px&#8221; animation_style=&#8221;fade&#8221; global_colors_info=&#8221;{}&#8221; button_text_size__hover_enabled=&#8221;off&#8221; button_one_text_size__hover_enabled=&#8221;off&#8221; button_two_text_size__hover_enabled=&#8221;off&#8221; button_text_color__hover_enabled=&#8221;off&#8221; button_one_text_color__hover_enabled=&#8221;off&#8221; button_two_text_color__hover_enabled=&#8221;off&#8221; button_border_width__hover_enabled=&#8221;off&#8221; button_one_border_width__hover_enabled=&#8221;off&#8221; button_two_border_width__hover_enabled=&#8221;off&#8221; button_border_color__hover_enabled=&#8221;off&#8221; button_one_border_color__hover_enabled=&#8221;off&#8221; button_two_border_color__hover_enabled=&#8221;off&#8221; button_border_radius__hover_enabled=&#8221;off&#8221; button_one_border_radius__hover_enabled=&#8221;off&#8221; button_two_border_radius__hover_enabled=&#8221;off&#8221; button_letter_spacing__hover_enabled=&#8221;off&#8221; button_one_letter_spacing__hover_enabled=&#8221;off&#8221; button_two_letter_spacing__hover_enabled=&#8221;off&#8221; button_bg_color__hover_enabled=&#8221;off&#8221; button_one_bg_color__hover_enabled=&#8221;off&#8221; button_two_bg_color__hover_enabled=&#8221;off&#8221;][\/et_pb_button][et_pb_text _builder_version=&#8221;4.22.1&#8243; _module_preset=&#8221;default&#8221; text_text_color=&#8221;#FFFFFF&#8221; header_3_text_color=&#8221;#FFFFFF&#8221; global_colors_info=&#8221;{}&#8221;]<\/p>\n<h3>K\u00f6vetkez\u0151 rendezv\u00e9nyeink:<\/h3>\n<p>[\/et_pb_text][decm_event_display show_recurring_events=&#8221;off&#8221; cutoff_ongoing_events=&#8221;cut_start_date_reached&#8221; show_feature_image=&#8221;off&#8221; show_date=&#8221;off&#8221; show_end_date=&#8221;off&#8221; details_time_label=&#8221;Zeit&#8221; show_end_time=&#8221;off&#8221; venue_detail_label=&#8221;Ort&#8221; show_name=&#8221;off&#8221; show_price=&#8221;off&#8221; category_detail_label=&#8221;Kategorie&#8221; show_tag=&#8221;off&#8221; show_weburl=&#8221;off&#8221; show_excerpt=&#8221;off&#8221; show_callout_box=&#8221;off&#8221; event_count=&#8221;4&#8243; columns=&#8221;2&#8243; open_toggle_background_color=&#8221;#FFFFFF&#8221; details_icon_color=&#8221;#106826&#8243; event_inner_spacing=&#8221;10px|10px|10px|10px|true|true&#8221; view_more_text=&#8221;Details&#8221; show_colon=&#8221;on&#8221; align=&#8221;center&#8221; _builder_version=&#8221;4.27.0&#8243; _module_preset=&#8221;default&#8221; title_text_color=&#8221;#ba4318&#8243; title_font_size=&#8221;20px&#8221; results_message_text_color=&#8221;#FFFFFF&#8221; custom_view_more=&#8221;on&#8221; view_more_text_color=&#8221;#FFFFFF&#8221; view_more_alignment=&#8221;left&#8221; border_radii_event_border=&#8221;on|8px|8px|8px|8px&#8221; global_colors_info=&#8221;{}&#8221;][\/decm_event_display][\/et_pb_column][et_pb_column type=&#8221;1_2&#8243; _builder_version=&#8221;4.16&#8243; custom_padding=&#8221;|||&#8221; global_colors_info=&#8221;{}&#8221; custom_padding__hover=&#8221;|||&#8221;][et_pb_image src=&#8221;https:\/\/www.ungarn-in-sachsen.de\/wp-content\/uploads\/2023\/02\/Ungarntreffen-2Okt-2022-19.jpg&#8221; title_text=&#8221;Ungarntreffen-2Okt-2022-19&#8243; _builder_version=&#8221;4.20.2&#8243; _module_preset=&#8221;default&#8221; global_colors_info=&#8221;{}&#8221;][\/et_pb_image][\/et_pb_column][\/et_pb_row][\/et_pb_section][et_pb_section fb_built=&#8221;1&#8243; admin_label=&#8221;Angebote&#8221; _builder_version=&#8221;4.19.4&#8243; custom_margin=&#8221;|||&#8221; custom_padding=&#8221;|||&#8221; global_colors_info=&#8221;{}&#8221;][et_pb_row column_structure=&#8221;1_3,1_3,1_3&#8243; _builder_version=&#8221;4.19.4&#8243; custom_margin=&#8221;50px|||&#8221; global_colors_info=&#8221;{}&#8221;][et_pb_column type=&#8221;1_3&#8243; _builder_version=&#8221;4.19.4&#8243; custom_padding=&#8221;|||&#8221; global_colors_info=&#8221;{}&#8221; custom_padding__hover=&#8221;|||&#8221;][et_pb_blurb title=&#8221;Egyes\u00fcleti \u00e9let&#8221; use_icon=&#8221;on&#8221; font_icon=&#8221;&#xf274;||fa||400&#8243; icon_placement=&#8221;left&#8221; _builder_version=&#8221;4.19.4&#8243; header_font=&#8221;Montserrat|500|||||||&#8221; header_line_height=&#8221;1.8em&#8221; body_font=&#8221;Montserrat|300|||||||&#8221; body_font_size=&#8221;17px&#8221; body_line_height=&#8221;1.8em&#8221; animation_style=&#8221;fade&#8221; border_color_all_image=&#8221;#&#8221; global_colors_info=&#8221;{}&#8221;]<\/p>\n<p>Mi t\u00f6rt\u00e9nik, hol lehet bekapcsol\u00f3dni? Itt t\u00e1j\u00e9koz\u00f3dhat a projektekr\u0151l \u00e9s az aktu\u00e1lis esem\u00e9nyekr\u0151l.<\/p>\n<p><\/p>\n<p><span style=\"text-decoration: underline;\"><span style=\"color: #008000;\"><strong><a style=\"color: #008000; text-decoration: underline;\" href=\"https:\/\/www.ungarn-in-sachsen.de\/hu\/rendezvenyek\/\">Tov\u00e1bbi r\u00e9szletek<\/a><\/strong><\/span><\/span><\/p>\n<p>[\/et_pb_blurb][\/et_pb_column][et_pb_column type=&#8221;1_3&#8243; _builder_version=&#8221;4.16&#8243; custom_padding=&#8221;|||&#8221; global_colors_info=&#8221;{}&#8221; custom_padding__hover=&#8221;|||&#8221;][et_pb_blurb title=&#8221;Bev\u00e1ndorl\u00f3k&#8221; use_icon=&#8221;on&#8221; font_icon=&#8221;&#xf4be;||fa||900&#8243; icon_placement=&#8221;left&#8221; _builder_version=&#8221;4.19.4&#8243; header_font=&#8221;Montserrat|500|||||||&#8221; header_line_height=&#8221;1.8em&#8221; body_font=&#8221;Montserrat|300|||||||&#8221; body_font_size=&#8221;17px&#8221; body_line_height=&#8221;1.8em&#8221; animation_style=&#8221;fade&#8221; border_color_all_image=&#8221;#&#8221; global_colors_info=&#8221;{}&#8221;]<\/p>\n<p>\u00daj Chemnitzben \u00e9s a k\u00f6rny\u00e9ken? Akkor a k\u00f6vetkez\u0151 inform\u00e1ci\u00f3k biztosan hasznosak lehetnek.<\/p>\n<p><\/p>\n<p><span style=\"text-decoration: underline;\"><span style=\"color: #008000;\"><a style=\"color: #008000;\" title=\"Inform\u00e1ci\u00f3k Magyarorsz\u00e1gr\u00f3l bev\u00e1ndorl\u00f3k sz\u00e1m\u00e1ra\" href=\"https:\/\/www.ungarn-in-sachsen.de\/hu\/informationen-fuer-zuwanderer-aus-ungarn\/\"><strong>Tov\u00e1bbi r\u00e9szletek<\/strong><\/a><\/span><\/span><\/p>\n<p>[\/et_pb_blurb][\/et_pb_column][et_pb_column type=&#8221;1_3&#8243; _builder_version=&#8221;4.16&#8243; custom_padding=&#8221;|||&#8221; global_colors_info=&#8221;{}&#8221; custom_padding__hover=&#8221;|||&#8221;][et_pb_blurb title=&#8221;Orsz\u00e1g \u00e9s n\u00e9p&#8221; use_icon=&#8221;on&#8221; font_icon=&#8221;&#x70;||divi||400&#8243; icon_placement=&#8221;left&#8221; _builder_version=&#8221;4.19.4&#8243; header_font=&#8221;Montserrat|500|||||||&#8221; header_line_height=&#8221;1.8em&#8221; body_font=&#8221;Montserrat|300|||||||&#8221; body_font_size=&#8221;17px&#8221; body_line_height=&#8221;1.8em&#8221; animation_style=&#8221;fade&#8221; border_color_all_image=&#8221;#&#8221; global_colors_info=&#8221;{}&#8221;]<\/p>\n<p>Ide gy\u0171jt\u00f6tt\u00fck \u00f6ssze a N\u00e9metorsz\u00e1gban \u00e9l\u0151 magyarok inform\u00e1ci\u00f3it \u00e9s kapcsolatfelv\u00e9teli lehet\u0151s\u00e9geit.<\/p>\n<p><\/p>\n<p><span style=\"text-decoration: underline; color: #008000;\"><strong><a style=\"color: #008000; text-decoration: underline;\" title=\"Linkek tov\u00e1bbi inform\u00e1ci\u00f3khoz a magyar klubokr\u00f3l stb.\" href=\"https:\/\/www.ungarn-in-sachsen.de\/hu\/linkek\/\">Tov\u00e1bbi r\u00e9szletek<\/a><\/strong><\/span><\/p>\n<p>[\/et_pb_blurb][\/et_pb_column][\/et_pb_row][\/et_pb_section][et_pb_section fb_built=&#8221;1&#8243; prev_background_color=&#8221;#ffffff&#8221; admin_label=&#8221;Kennenlernen&#8221; _builder_version=&#8221;4.19.4&#8243; use_background_color_gradient=&#8221;on&#8221; background_color_gradient_direction=&#8221;240deg&#8221; background_color_gradient_stops=&#8221;rgba(255,255,255,0.3) 0%|rgba(255,255,255,0.86) 100%&#8221; background_color_gradient_overlays_image=&#8221;on&#8221; background_color_gradient_start=&#8221;#ffffff&#8221; background_color_gradient_end=&#8221;rgba(255,255,255,0.86)&#8221; background_image=&#8221;https:\/\/www.ungarn-in-sachsen.de\/wp-content\/uploads\/2019\/07\/Speckbraten.jpg&#8221; background_position=&#8221;top_center&#8221; background_vertical_offset=&#8221;40%&#8221; custom_padding=&#8221;400px||170px||false|false&#8221; top_divider_style=&#8221;wave2&#8243; animation_style=&#8221;slide&#8221; animation_direction=&#8221;bottom&#8221; animation_intensity_slide=&#8221;10%&#8221; animation_starting_opacity=&#8221;100%&#8221; global_colors_info=&#8221;{}&#8221;][et_pb_row _builder_version=&#8221;4.19.4&#8243; background_color=&#8221;rgba(255,255,255,0.7)&#8221; global_colors_info=&#8221;{}&#8221;][et_pb_column type=&#8221;4_4&#8243; _builder_version=&#8221;4.16&#8243; custom_padding=&#8221;|||&#8221; global_colors_info=&#8221;{}&#8221; custom_padding__hover=&#8221;|||&#8221;][et_pb_text admin_label=&#8221;Subtitle&#8221; _builder_version=&#8221;4.19.4&#8243; text_font=&#8221;|500||on|||||&#8221; text_text_color=&#8221;rgba(0,0,0,0.75)&#8221; text_orientation=&#8221;center&#8221; animation_style=&#8221;fade&#8221; global_colors_info=&#8221;{}&#8221;]<\/p>\n<p>Kapcsolatba l\u00e9pni<\/p>\n<p>[\/et_pb_text][et_pb_divider divider_weight=&#8221;3px&#8221; _builder_version=&#8221;4.19.4&#8243; max_width=&#8221;80px&#8221; module_alignment=&#8221;center&#8221; animation_style=&#8221;fade&#8221; global_colors_info=&#8221;{}&#8221;][\/et_pb_divider][et_pb_text admin_label=&#8221;Title&#8221; _builder_version=&#8221;4.19.4&#8243; text_font=&#8221;||||||||&#8221; header_font=&#8221;||||||||&#8221; header_2_font=&#8221;Montserrat|500|||||||&#8221; header_2_text_align=&#8221;center&#8221; header_2_font_size=&#8221;30px&#8221; animation_style=&#8221;fade&#8221; global_colors_info=&#8221;{}&#8221;]<\/p>\n<h2>Az ismerked\u00e9s egyszer\u0171v\u00e9 v\u00e1lik<\/h2>\n<p>[\/et_pb_text][et_pb_text _builder_version=&#8221;4.19.4&#8243; text_font=&#8221;Montserrat|300|||||||&#8221; text_font_size=&#8221;16px&#8221; text_line_height=&#8221;1.8em&#8221; header_font=&#8221;||||||||&#8221; text_orientation=&#8221;center&#8221; max_width=&#8221;700px&#8221; module_alignment=&#8221;center&#8221; custom_margin=&#8221;||70px|&#8221; animation_style=&#8221;fade&#8221; global_colors_info=&#8221;{}&#8221;]<\/p>\n<p>JMinden h\u00f3nap els\u0151 p\u00e9ntek\u00e9n 18 \u00f3r\u00e1t\u00f3l nyitott t\u00f6rzsvend\u00e9g asztalunk van, amelyre tagokat \u00e9s vend\u00e9geket minden koroszt\u00e1lyb\u00f3l szeretettel v\u00e1runk.<\/p>\n<p><\/p>\n<p>Ez jelenleg a Bety\u00e1r Cs\u00e1rda, Beyerstra\u00dfe 28, 09113 Chemnitz c\u00edmen zajlik.<\/p>\n<p><\/p>\n<p>Szeretn\u00e9nk, ha ell\u00e1togatna hozz\u00e1nk!<\/p>\n<p>[\/et_pb_text][et_pb_button button_url=&#8221;&#109;a&#x69;l&#x74;o&#x3a;&#105;&#x6e;&#102;&#x6f;&#64;u&#x6e;g&#x61;r&#x6e;&#45;&#x69;&#110;&#x2d;&#115;&#x61;&#99;h&#x73;e&#x6e;&#46;&#x64;&#101;&#8221; url_new_window=&#8221;on&#8221; button_text=&#8221;K\u00e9rd\u00e9sek? K\u00fcldj\u00f6n nek\u00fcnk egy e-mailt.&#8221; button_alignment=&#8221;center&#8221; _builder_version=&#8221;4.19.4&#8243; custom_button=&#8221;on&#8221; button_text_size=&#8221;14px&#8221; button_bg_color=&#8221;#296b11&#8243; button_border_width=&#8221;0px&#8221; button_border_radius=&#8221;10px&#8221; button_font=&#8221;|500||on|||||&#8221; button_use_icon=&#8221;off&#8221; background_layout=&#8221;dark&#8221; custom_padding=&#8221;20px|45px|20px|45px&#8221; animation_style=&#8221;fade&#8221; global_colors_info=&#8221;{}&#8221; button_text_size__hover_enabled=&#8221;off&#8221; button_one_text_size__hover_enabled=&#8221;off&#8221; button_two_text_size__hover_enabled=&#8221;off&#8221; button_text_color__hover_enabled=&#8221;off&#8221; button_one_text_color__hover_enabled=&#8221;off&#8221; button_two_text_color__hover_enabled=&#8221;off&#8221; button_border_width__hover_enabled=&#8221;off&#8221; button_one_border_width__hover_enabled=&#8221;off&#8221; button_two_border_width__hover_enabled=&#8221;off&#8221; button_border_color__hover_enabled=&#8221;off&#8221; button_one_border_color__hover_enabled=&#8221;off&#8221; button_two_border_color__hover_enabled=&#8221;off&#8221; button_border_radius__hover_enabled=&#8221;off&#8221; button_one_border_radius__hover_enabled=&#8221;off&#8221; button_two_border_radius__hover_enabled=&#8221;off&#8221; button_letter_spacing__hover_enabled=&#8221;off&#8221; button_one_letter_spacing__hover_enabled=&#8221;off&#8221; button_two_letter_spacing__hover_enabled=&#8221;off&#8221; button_bg_color__hover_enabled=&#8221;off&#8221; button_one_bg_color__hover_enabled=&#8221;off&#8221; button_two_bg_color__hover_enabled=&#8221;off&#8221;][\/et_pb_button][\/et_pb_column][\/et_pb_row][\/et_pb_section]<\/p>\n","protected":false},"excerpt":{"rendered":"<p>Szeretettel \u00fcdv\u00f6z\u00f6lj\u00fckKik vagyunk \u00e9s mit csin\u00e1lunkA \u201eMagyar Kultur\u00e1lis Egyes\u00fclet Chemnitz \u00e9s K\u00f6rny\u00e9ke e. V.\u201d c\u00e9lja a magyar kult\u00fara k\u00f6zvet\u00edt\u00e9se \u00e9s fenntart\u00e1sa. Tagjaink k\u00f6z\u00f6tt vannak magyarok \u00e9s n\u00e9metek, volt b\u00e9rmunk\u00e1sok \u00e9s [&hellip;]<\/p>\n","protected":false},"author":7,"featured_media":0,"parent":0,"menu_order":1,"comment_status":"closed","ping_status":"closed","template":"","meta":{"_et_pb_use_builder":"on","_et_pb_old_content":"","_et_gb_content_width":"","footnotes":""},"class_list":["post-33743","page","type-page","status-publish","hentry"],"yoast_head":"<!-- This site is optimized with the Yoast SEO plugin v27.5 - https:\/\/yoast.com\/product\/yoast-seo-wordpress\/ -->\n<title>Honlap - Ungarischer Kulturverein Chemnitz und Umgebung e. V.<\/title>\n<meta name=\"robots\" content=\"index, follow, max-snippet:-1, max-image-preview:large, max-video-preview:-1\" \/>\n<link rel=\"canonical\" href=\"https:\/\/www.ungarn-in-sachsen.de\/hu\/\" \/>\n<meta property=\"og:locale\" content=\"hu_HU\" \/>\n<meta property=\"og:type\" content=\"article\" \/>\n<meta property=\"og:title\" content=\"Honlap - Ungarischer Kulturverein Chemnitz und Umgebung e. V.\" \/>\n<meta property=\"og:description\" content=\"Szeretettel \u00fcdv\u00f6z\u00f6lj\u00fckKik vagyunk \u00e9s mit csin\u00e1lunkA \u201eMagyar Kultur\u00e1lis Egyes\u00fclet Chemnitz \u00e9s K\u00f6rny\u00e9ke e. V.\u201d c\u00e9lja a magyar kult\u00fara k\u00f6zvet\u00edt\u00e9se \u00e9s fenntart\u00e1sa. Tagjaink k\u00f6z\u00f6tt vannak magyarok \u00e9s n\u00e9metek, volt b\u00e9rmunk\u00e1sok \u00e9s [&hellip;]\" \/>\n<meta property=\"og:url\" content=\"https:\/\/www.ungarn-in-sachsen.de\/hu\/\" \/>\n<meta property=\"og:site_name\" content=\"Ungarischer Kulturverein Chemnitz und Umgebung e. V.\" \/>\n<meta property=\"article:publisher\" content=\"https:\/\/www.facebook.com\/Ungarischer-Kulturverein-Chemnitz-und-Umgebung-eV-229421257171599\/\" \/>\n<meta property=\"article:modified_time\" content=\"2025-04-22T08:53:21+00:00\" \/>\n<meta name=\"twitter:card\" content=\"summary_large_image\" \/>\n<meta name=\"twitter:label1\" content=\"Becs\u00fclt olvas\u00e1si id\u0151\" \/>\n\t<meta name=\"twitter:data1\" content=\"4 perc\" \/>\n<script type=\"application\/ld+json\" class=\"yoast-schema-graph\">{\"@context\":\"https:\\\/\\\/schema.org\",\"@graph\":[{\"@type\":\"WebPage\",\"@id\":\"https:\\\/\\\/www.ungarn-in-sachsen.de\\\/hu\\\/\",\"url\":\"https:\\\/\\\/www.ungarn-in-sachsen.de\\\/hu\\\/\",\"name\":\"Honlap - Ungarischer Kulturverein Chemnitz und Umgebung e. V.\",\"isPartOf\":{\"@id\":\"https:\\\/\\\/www.ungarn-in-sachsen.de\\\/hu\\\/#website\"},\"datePublished\":\"2023-03-25T13:18:21+00:00\",\"dateModified\":\"2025-04-22T08:53:21+00:00\",\"breadcrumb\":{\"@id\":\"https:\\\/\\\/www.ungarn-in-sachsen.de\\\/hu\\\/#breadcrumb\"},\"inLanguage\":\"hu\",\"potentialAction\":[{\"@type\":\"ReadAction\",\"target\":[\"https:\\\/\\\/www.ungarn-in-sachsen.de\\\/hu\\\/\"]}]},{\"@type\":\"BreadcrumbList\",\"@id\":\"https:\\\/\\\/www.ungarn-in-sachsen.de\\\/hu\\\/#breadcrumb\",\"itemListElement\":[{\"@type\":\"ListItem\",\"position\":1,\"name\":\"Startseite\",\"item\":\"https:\\\/\\\/www.ungarn-in-sachsen.de\\\/hu\\\/\"},{\"@type\":\"ListItem\",\"position\":2,\"name\":\"Honlap\"}]},{\"@type\":\"WebSite\",\"@id\":\"https:\\\/\\\/www.ungarn-in-sachsen.de\\\/hu\\\/#website\",\"url\":\"https:\\\/\\\/www.ungarn-in-sachsen.de\\\/hu\\\/\",\"name\":\"Ungarischer Kulturverein Chemnitz und Umgebung e. V.\",\"description\":\"Treffpunkt f\u00fcr Freunde der ungarischen Kultur\",\"publisher\":{\"@id\":\"https:\\\/\\\/www.ungarn-in-sachsen.de\\\/hu\\\/#organization\"},\"potentialAction\":[{\"@type\":\"SearchAction\",\"target\":{\"@type\":\"EntryPoint\",\"urlTemplate\":\"https:\\\/\\\/www.ungarn-in-sachsen.de\\\/hu\\\/?s={search_term_string}\"},\"query-input\":{\"@type\":\"PropertyValueSpecification\",\"valueRequired\":true,\"valueName\":\"search_term_string\"}}],\"inLanguage\":\"hu\"},{\"@type\":\"Organization\",\"@id\":\"https:\\\/\\\/www.ungarn-in-sachsen.de\\\/hu\\\/#organization\",\"name\":\"Ungarischer Kulturverein Chemnitz und Umgebung e.V.\",\"url\":\"https:\\\/\\\/www.ungarn-in-sachsen.de\\\/hu\\\/\",\"logo\":{\"@type\":\"ImageObject\",\"inLanguage\":\"hu\",\"@id\":\"https:\\\/\\\/www.ungarn-in-sachsen.de\\\/hu\\\/#\\\/schema\\\/logo\\\/image\\\/\",\"url\":\"https:\\\/\\\/www.ungarn-in-sachsen.de\\\/wp-content\\\/uploads\\\/2019\\\/04\\\/logo.jpg\",\"contentUrl\":\"https:\\\/\\\/www.ungarn-in-sachsen.de\\\/wp-content\\\/uploads\\\/2019\\\/04\\\/logo.jpg\",\"width\":266,\"height\":170,\"caption\":\"Ungarischer Kulturverein Chemnitz und Umgebung e.V.\"},\"image\":{\"@id\":\"https:\\\/\\\/www.ungarn-in-sachsen.de\\\/hu\\\/#\\\/schema\\\/logo\\\/image\\\/\"},\"sameAs\":[\"https:\\\/\\\/www.facebook.com\\\/Ungarischer-Kulturverein-Chemnitz-und-Umgebung-eV-229421257171599\\\/\"]}]}<\/script>\n<!-- \/ Yoast SEO plugin. -->","yoast_head_json":{"title":"Honlap - Ungarischer Kulturverein Chemnitz und Umgebung e. V.","robots":{"index":"index","follow":"follow","max-snippet":"max-snippet:-1","max-image-preview":"max-image-preview:large","max-video-preview":"max-video-preview:-1"},"canonical":"https:\/\/www.ungarn-in-sachsen.de\/hu\/","og_locale":"hu_HU","og_type":"article","og_title":"Honlap - Ungarischer Kulturverein Chemnitz und Umgebung e. V.","og_description":"Szeretettel \u00fcdv\u00f6z\u00f6lj\u00fckKik vagyunk \u00e9s mit csin\u00e1lunkA \u201eMagyar Kultur\u00e1lis Egyes\u00fclet Chemnitz \u00e9s K\u00f6rny\u00e9ke e. V.\u201d c\u00e9lja a magyar kult\u00fara k\u00f6zvet\u00edt\u00e9se \u00e9s fenntart\u00e1sa. Tagjaink k\u00f6z\u00f6tt vannak magyarok \u00e9s n\u00e9metek, volt b\u00e9rmunk\u00e1sok \u00e9s [&hellip;]","og_url":"https:\/\/www.ungarn-in-sachsen.de\/hu\/","og_site_name":"Ungarischer Kulturverein Chemnitz und Umgebung e. V.","article_publisher":"https:\/\/www.facebook.com\/Ungarischer-Kulturverein-Chemnitz-und-Umgebung-eV-229421257171599\/","article_modified_time":"2025-04-22T08:53:21+00:00","twitter_card":"summary_large_image","twitter_misc":{"Becs\u00fclt olvas\u00e1si id\u0151":"4 perc"},"schema":{"@context":"https:\/\/schema.org","@graph":[{"@type":"WebPage","@id":"https:\/\/www.ungarn-in-sachsen.de\/hu\/","url":"https:\/\/www.ungarn-in-sachsen.de\/hu\/","name":"Honlap - Ungarischer Kulturverein Chemnitz und Umgebung e. V.","isPartOf":{"@id":"https:\/\/www.ungarn-in-sachsen.de\/hu\/#website"},"datePublished":"2023-03-25T13:18:21+00:00","dateModified":"2025-04-22T08:53:21+00:00","breadcrumb":{"@id":"https:\/\/www.ungarn-in-sachsen.de\/hu\/#breadcrumb"},"inLanguage":"hu","potentialAction":[{"@type":"ReadAction","target":["https:\/\/www.ungarn-in-sachsen.de\/hu\/"]}]},{"@type":"BreadcrumbList","@id":"https:\/\/www.ungarn-in-sachsen.de\/hu\/#breadcrumb","itemListElement":[{"@type":"ListItem","position":1,"name":"Startseite","item":"https:\/\/www.ungarn-in-sachsen.de\/hu\/"},{"@type":"ListItem","position":2,"name":"Honlap"}]},{"@type":"WebSite","@id":"https:\/\/www.ungarn-in-sachsen.de\/hu\/#website","url":"https:\/\/www.ungarn-in-sachsen.de\/hu\/","name":"Ungarischer Kulturverein Chemnitz und Umgebung e. V.","description":"Treffpunkt f\u00fcr Freunde der ungarischen Kultur","publisher":{"@id":"https:\/\/www.ungarn-in-sachsen.de\/hu\/#organization"},"potentialAction":[{"@type":"SearchAction","target":{"@type":"EntryPoint","urlTemplate":"https:\/\/www.ungarn-in-sachsen.de\/hu\/?s={search_term_string}"},"query-input":{"@type":"PropertyValueSpecification","valueRequired":true,"valueName":"search_term_string"}}],"inLanguage":"hu"},{"@type":"Organization","@id":"https:\/\/www.ungarn-in-sachsen.de\/hu\/#organization","name":"Ungarischer Kulturverein Chemnitz und Umgebung e.V.","url":"https:\/\/www.ungarn-in-sachsen.de\/hu\/","logo":{"@type":"ImageObject","inLanguage":"hu","@id":"https:\/\/www.ungarn-in-sachsen.de\/hu\/#\/schema\/logo\/image\/","url":"https:\/\/www.ungarn-in-sachsen.de\/wp-content\/uploads\/2019\/04\/logo.jpg","contentUrl":"https:\/\/www.ungarn-in-sachsen.de\/wp-content\/uploads\/2019\/04\/logo.jpg","width":266,"height":170,"caption":"Ungarischer Kulturverein Chemnitz und Umgebung e.V."},"image":{"@id":"https:\/\/www.ungarn-in-sachsen.de\/hu\/#\/schema\/logo\/image\/"},"sameAs":["https:\/\/www.facebook.com\/Ungarischer-Kulturverein-Chemnitz-und-Umgebung-eV-229421257171599\/"]}]}},"_links":{"self":[{"href":"https:\/\/www.ungarn-in-sachsen.de\/hu\/wp-json\/wp\/v2\/pages\/33743","targetHints":{"allow":["GET"]}}],"collection":[{"href":"https:\/\/www.ungarn-in-sachsen.de\/hu\/wp-json\/wp\/v2\/pages"}],"about":[{"href":"https:\/\/www.ungarn-in-sachsen.de\/hu\/wp-json\/wp\/v2\/types\/page"}],"author":[{"embeddable":true,"href":"https:\/\/www.ungarn-in-sachsen.de\/hu\/wp-json\/wp\/v2\/users\/7"}],"replies":[{"embeddable":true,"href":"https:\/\/www.ungarn-in-sachsen.de\/hu\/wp-json\/wp\/v2\/comments?post=33743"}],"version-history":[{"count":0,"href":"https:\/\/www.ungarn-in-sachsen.de\/hu\/wp-json\/wp\/v2\/pages\/33743\/revisions"}],"wp:attachment":[{"href":"https:\/\/www.ungarn-in-sachsen.de\/hu\/wp-json\/wp\/v2\/media?parent=33743"}],"curies":[{"name":"wp","href":"https:\/\/api.w.org\/{rel}","templated":true}]}}