{"id":33820,"date":"2023-03-25T16:12:55","date_gmt":"2023-03-25T15:12:55","guid":{"rendered":"https:\/\/www.ungarn-in-sachsen.de\/datenschutzerklaerung\/"},"modified":"2024-05-24T15:17:51","modified_gmt":"2024-05-24T13:17:51","slug":"datenschutzerklaerung","status":"publish","type":"page","link":"https:\/\/www.ungarn-in-sachsen.de\/hu\/datenschutzerklaerung\/","title":{"rendered":"Datenschutzerkl\u00e4rung"},"content":{"rendered":"<p>[et_pb_section fb_built=&#8221;1&#8243; admin_label=&#8221;Verein&#8221; _builder_version=&#8221;4.19.4&#8243; use_background_color_gradient=&#8221;on&#8221; background_color_gradient_stops=&#8221;rgba(155,155,155,0.5) 0%|rgba(0,0,0,0) 100%&#8221; background_color_gradient_overlays_image=&#8221;on&#8221; background_color_gradient_start=&#8221;rgba(0,0,0,0.5)&#8221; background_color_gradient_end=&#8221;rgba(0,0,0,0)&#8221; background_image=&#8221;https:\/\/www.ungarn-in-sachsen.de\/wp-content\/uploads\/2023\/01\/ukvc-veranstaltung.jpg&#8221; custom_margin=&#8221;|||&#8221; custom_padding=&#8221;200px||200px||true|false&#8221; bottom_divider_style=&#8221;wave2&#8243; bottom_divider_color=&#8221;#ffffff&#8221; bottom_divider_flip=&#8221;horizontal&#8221; animation_style=&#8221;slide&#8221; animation_direction=&#8221;top&#8221; animation_intensity_slide=&#8221;5%&#8221; animation_starting_opacity=&#8221;100%&#8221; global_colors_info=&#8221;{}&#8221;][et_pb_row _builder_version=&#8221;4.19.4&#8243; background_size=&#8221;initial&#8221; background_position=&#8221;top_left&#8221; background_repeat=&#8221;repeat&#8221; custom_padding=&#8221;27px|0px|0px|0px&#8221; global_colors_info=&#8221;{}&#8221;][et_pb_column type=&#8221;4_4&#8243; _builder_version=&#8221;4.16&#8243; custom_padding=&#8221;|||&#8221; global_colors_info=&#8221;{}&#8221; custom_padding__hover=&#8221;|||&#8221;][et_pb_text admin_label=&#8221;Title&#8221; _builder_version=&#8221;4.19.4&#8243; text_font=&#8221;||||||||&#8221; header_font=&#8221;|600|||||||&#8221; header_font_size=&#8221;75px&#8221; header_line_height=&#8221;1.2em&#8221; background_layout=&#8221;dark&#8221; animation_style=&#8221;zoom&#8221; animation_direction=&#8221;left&#8221; animation_intensity_zoom=&#8221;10%&#8221; header_font_size_tablet=&#8221;&#8221; header_font_size_phone=&#8221;72px&#8221; header_font_size_last_edited=&#8221;on|phone&#8221; global_colors_info=&#8221;{}&#8221;]<\/p>\n<h1 style=\"font-weight: 400; text-align: center;\">Datenschutz<\/h1>\n<p>[\/et_pb_text][\/et_pb_column][\/et_pb_row][\/et_pb_section][et_pb_section fb_built=&#8221;1&#8243; admin_label=&#8221;About&#8221; _builder_version=&#8221;4.19.4&#8243; custom_padding=&#8221;|0px||0px|false|false&#8221; global_colors_info=&#8221;{}&#8221;][et_pb_row _builder_version=&#8221;4.16&#8243; global_colors_info=&#8221;{}&#8221;][et_pb_column type=&#8221;4_4&#8243; _builder_version=&#8221;4.16&#8243; custom_padding=&#8221;|||&#8221; global_colors_info=&#8221;{}&#8221; custom_padding__hover=&#8221;|||&#8221;][et_pb_text _builder_version=&#8221;4.19.4&#8243; text_font=&#8221;|500||on|||||&#8221; text_text_color=&#8221;rgba(0,0,0,0.75)&#8221; text_orientation=&#8221;center&#8221; global_colors_info=&#8221;{}&#8221;]<\/p>\n<p>Information<\/p>\n<p>[\/et_pb_text][et_pb_divider divider_weight=&#8221;3px&#8221; _builder_version=&#8221;4.19.4&#8243; max_width=&#8221;100px&#8221; module_alignment=&#8221;center&#8221; height=&#8221;7px&#8221; global_colors_info=&#8221;{}&#8221;][\/et_pb_divider][et_pb_text _builder_version=&#8221;4.19.4&#8243; text_font=&#8221;||||||||&#8221; header_font=&#8221;||||||||&#8221; header_2_font=&#8221;Montserrat|500|||||||&#8221; header_2_font_size=&#8221;30px&#8221; text_orientation=&#8221;center&#8221; global_colors_info=&#8221;{}&#8221;]<\/p>\n<h2>Datenschutzerkl\u00e4rung<\/h2>\n<p>[\/et_pb_text][\/et_pb_column][\/et_pb_row][et_pb_row _builder_version=&#8221;4.19.4&#8243; custom_margin=&#8221;|||&#8221; global_colors_info=&#8221;{}&#8221;][et_pb_column type=&#8221;4_4&#8243; _builder_version=&#8221;4.16&#8243; custom_padding=&#8221;|||&#8221; global_colors_info=&#8221;{}&#8221; custom_padding__hover=&#8221;|||&#8221;][et_pb_text _builder_version=&#8221;4.25.1&#8243; _module_preset=&#8221;default&#8221; header_4_line_height=&#8221;1.5em&#8221; header_5_line_height=&#8221;1.5em&#8221; hover_enabled=&#8221;0&#8243; global_colors_info=&#8221;{}&#8221; sticky_enabled=&#8221;0&#8243;]<\/p>\n<h3>Geltungsbereich<\/h3>\n<p>Diese Datenschutzerkl\u00e4rung soll die Nutzer dieser Website gem\u00e4\u00df Bundesdatenschutzgesetz und Telemediengesetz \u00fcber die Art, den Umfang und den Zweck der Erhebung und Verwendung personenbezogener Daten durch den Websitebetreiber Ungarischer Kulturverein Chemnitz und Umgebung e. V., Arthur-Bretschneider-Stra\u00dfe 20, 09113 Chemnitz, Tel. +49 173 5804244, E-Mail: <a href=\"&#x6d;a&#x69;&#108;&#x74;&#x6f;:&#x69;&#110;&#x66;&#x6f;&#64;&#x75;&#110;&#x67;&#x61;r&#x6e;&#45;&#x69;&#x6e;-&#x73;&#97;&#x63;&#x68;s&#x65;&#110;&#x2e;&#x64;e\" target=\"_blank\" rel=\"noopener\">&#105;&#x6e;&#x66;&#111;&#x40;&#x75;n&#x67;&#x61;r&#110;&#x2d;i&#110;&#x2d;s&#97;&#x63;h&#115;&#x65;n&#46;&#x64;&#x65;<\/a> informieren.<\/p>\n<p>Der Websitebetreiber nimmt Ihren Datenschutz sehr ernst und behandelt Ihre personenbezogenen Daten vertraulich und entsprechend der gesetzlichen Vorschriften.<\/p>\n<p>Bedenken Sie, dass die Daten\u00fcbertragung im Internet grunds\u00e4tzlich mit Sicherheitsl\u00fccken bedacht sein kann. Ein vollumf\u00e4nglicher Schutz vor dem Zugriff durch Fremde ist nicht realisierbar.<\/p>\n<h3>Zugriffsdaten<\/h3>\n<p>Der Websitebetreiber bzw. Seitenprovider erhebt Daten \u00fcber Zugriffe auf die Seite und speichert diese als \u201eServer-Logfiles\u201c ab. Folgende Daten werden so protokolliert:<\/p>\n<p>\u2022 Besuchte Website<br \/>\u2022 Uhrzeit zum Zeitpunkt des Zugriffes<br \/>\u2022 Menge der gesendeten Daten in Byte<br \/>\u2022 Quelle\/Verweis, von welchem Sie auf die Seite gelangten<br \/>\u2022 Verwendeter Browser<br \/>\u2022 Verwendetes Betriebssystem<br \/>\u2022 Verwendete IP-Adresse<\/p>\n<p>Die erhobenen Daten dienen lediglich statistischen Auswertungen und zur Verbesserung der Website. Der Websitebetreiber beh\u00e4lt sich allerdings vor, die Server-Logfiles nachtr\u00e4glich zu \u00fcberpr\u00fcfen, sollten konkrete Anhaltspunkte auf eine rechtswidrige Nutzung hinweisen.<\/p>\n<h3>Cookies<\/h3>\n<p>Diese Website verwendet Cookies. Dabei handelt es sich um kleine Textdateien, welche auf Ihrem Endger\u00e4t gespeichert werden. Ihr Browser greift auf diese Dateien zu. Durch den Einsatz von Cookies erh\u00f6ht sich die Benutzerfreundlichkeit und Sicherheit dieser Website.<\/p>\n<p>G\u00e4ngige Browser bieten die Einstellungsoption, Cookies nicht zuzulassen. Hinweis: Es ist nicht gew\u00e4hrleistet, dass Sie auf alle Funktionen dieser Website ohne Einschr\u00e4nkungen zugreifen k\u00f6nnen, wenn Sie entsprechende Einstellungen vornehmen.<\/p>\n<h3>Umgang mit personenbezogenen Daten<\/h3>\n<p>Der Websitebetreiber erhebt, nutzt und gibt Ihre personenbezogenen Daten nur dann weiter, wenn dies im gesetzlichen Rahmen erlaubt ist oder Sie in die Datenerhebung einwilligen.<\/p>\n<p>Als personenbezogene Daten gelten s\u00e4mtliche Informationen, welche dazu dienen, Ihre Person zu bestimmen und welche zu Ihnen zur\u00fcckverfolgt werden k\u00f6nnen \u2013 also beispielsweise Ihr Name, Ihre E-Mail-Adresse und Telefonnummer.<\/p>\n<h3>Umgang mit Kontaktdaten<\/h3>\n<p>Nehmen Sie mit dem Websitebetreiber durch die angebotenen Kontaktm\u00f6glichkeiten Verbindung auf, werden Ihre Angaben gespeichert, damit auf diese zur Bearbeitung und Beantwortung Ihrer Anfrage zur\u00fcckgegriffen werden kann. Ohne Ihre Einwilligung werden diese Daten nicht an Dritte weitergegeben.<\/p>\n<h3>Nutzung von Social-Media-Plugins<\/h3>\n<p>Diese Website verwendet Facebook Social Plugins, welches von der Facebook Inc. (1 Hacker Way, Menlo Park, California 94025, USA) betrieben wird. Erkennbar sind die Einbindungen an dem Facebook-Logo bzw. an den Begriffen \u201eLike\u201c, \u201eGef\u00e4llt mir\u201c, \u201eTeilen\u201c in den Farben Facebooks (Blau und Wei\u00df). Informationen zu allen Facebook-Plugins finden Sie im folgenden Link: <a href=\"https:\/\/developers.facebook.com\/docs\/plugins\/\" target=\"_blank\" rel=\"noopener\">https:\/\/developers.facebook.com\/docs\/plugins\/<\/a><\/p>\n<p>Das Plugin stellt eine direkte Verbindung zwischen Ihrem Browser und den Facebook-Servern her. Der Websitebetreiber hat keinerlei Einfluss auf die Natur und den Umfang der Daten, welche das Plugin an die Server der Facebook Inc. \u00fcbermittelt. Informationen dazu finden Sie hier: <a href=\"https:\/\/www.facebook.com\/help\/186325668085084\" target=\"_blank\" rel=\"noopener\">https:\/\/www.facebook.com\/help\/186325668085084<\/a><\/p>\n<p>Das Plugin informiert die Facebook Inc. dar\u00fcber, dass Sie Nutzer diese Website besucht hat. Es besteht hierbei die M\u00f6glichkeit, dass Ihre IP-Adresse gespeichert wird. Sind Sie w\u00e4hrend des Besuchs auf dieser Website in Ihrem Facebook-Konto eingeloggt, werden die genannten Informationen mit diesem verkn\u00fcpft.<\/p>\n<p>Nutzen Sie die Funktionen des Plugins \u2013 etwa indem Sie einen Beitrag teilen oder \u201eliken\u201c \u2013 werden die entsprechenden Informationen ebenfalls an die Facebook Inc. \u00fcbermittelt.<\/p>\n<p>M\u00f6chten Sie verhindern, dass die Facebook. Inc. diese Daten mit Ihrem Facebook-Konto verkn\u00fcpft, loggen Sie sich bitte vor dem Besuch dieser Website bei Facebook aus.<\/p>\n<h3>Rechte des Nutzers: Auskunft, Berichtigung und L\u00f6schung<\/h3>\n<p>Sie als Nutzer erhalten auf Antrag Ihrerseits kostenlose Auskunft dar\u00fcber, welche personenbezogenen Daten \u00fcber Sie gespeichert wurden. Sofern Ihr Wunsch nicht mit einer gesetzlichen Pflicht zur Aufbewahrung von Daten (z. B. Vorratsdatenspeicherung) kollidiert, haben Sie ein Anrecht auf Berichtigung falscher Daten und auf die Sperrung oder L\u00f6schung Ihrer personenbezogenen Daten.<\/p>\n<p>[\/et_pb_text][et_pb_text _builder_version=&#8221;4.25.0&#8243; _module_preset=&#8221;default&#8221; global_colors_info=&#8221;{}&#8221;]<\/p>\n<span class=\"borlabs-cookie-open-dialog-preferences brlbs-cmpnt-container\" data-borlabs-cookie-title=\"Datenschutz Einwilligung \u00e4ndern\" data-borlabs-cookie-type=\"button\" ><\/span>\n<p>[\/et_pb_text][\/et_pb_column][\/et_pb_row][\/et_pb_section]<\/p>\n","protected":false},"excerpt":{"rendered":"<p>DatenschutzInformationDatenschutzerkl\u00e4rungGeltungsbereich Diese Datenschutzerkl\u00e4rung soll die Nutzer dieser Website gem\u00e4\u00df Bundesdatenschutzgesetz und Telemediengesetz \u00fcber die Art, den Umfang und den Zweck der Erhebung und Verwendung personenbezogener Daten durch den Websitebetreiber Ungarischer [&hellip;]<\/p>\n","protected":false},"author":7,"featured_media":0,"parent":0,"menu_order":9,"comment_status":"closed","ping_status":"closed","template":"","meta":{"_et_pb_use_builder":"on","_et_pb_old_content":"","_et_gb_content_width":"","footnotes":""},"class_list":["post-33820","page","type-page","status-publish","hentry"],"yoast_head":"<!-- This site is optimized with the Yoast SEO plugin v27.4 - https:\/\/yoast.com\/product\/yoast-seo-wordpress\/ -->\n<title>Datenschutzerkl\u00e4rung - Ungarischer Kulturverein Chemnitz und Umgebung e. V.<\/title>\n<meta name=\"robots\" content=\"index, follow, max-snippet:-1, max-image-preview:large, max-video-preview:-1\" \/>\n<link rel=\"canonical\" href=\"https:\/\/www.ungarn-in-sachsen.de\/hu\/datenschutzerklaerung\/\" \/>\n<meta property=\"og:locale\" content=\"hu_HU\" \/>\n<meta property=\"og:type\" content=\"article\" \/>\n<meta property=\"og:title\" content=\"Datenschutzerkl\u00e4rung - Ungarischer Kulturverein Chemnitz und Umgebung e. V.\" \/>\n<meta property=\"og:description\" content=\"DatenschutzInformationDatenschutzerkl\u00e4rungGeltungsbereich Diese Datenschutzerkl\u00e4rung soll die Nutzer dieser Website gem\u00e4\u00df Bundesdatenschutzgesetz und Telemediengesetz \u00fcber die Art, den Umfang und den Zweck der Erhebung und Verwendung personenbezogener Daten durch den Websitebetreiber Ungarischer [&hellip;]\" \/>\n<meta property=\"og:url\" content=\"https:\/\/www.ungarn-in-sachsen.de\/hu\/datenschutzerklaerung\/\" \/>\n<meta property=\"og:site_name\" content=\"Ungarischer Kulturverein Chemnitz und Umgebung e. V.\" \/>\n<meta property=\"article:publisher\" content=\"https:\/\/www.facebook.com\/Ungarischer-Kulturverein-Chemnitz-und-Umgebung-eV-229421257171599\/\" \/>\n<meta property=\"article:modified_time\" content=\"2024-05-24T13:17:51+00:00\" \/>\n<meta name=\"twitter:card\" content=\"summary_large_image\" \/>\n<meta name=\"twitter:label1\" content=\"Becs\u00fclt olvas\u00e1si id\u0151\" \/>\n\t<meta name=\"twitter:data1\" content=\"5 perc\" \/>\n<script type=\"application\/ld+json\" class=\"yoast-schema-graph\">{\"@context\":\"https:\\\/\\\/schema.org\",\"@graph\":[{\"@type\":\"WebPage\",\"@id\":\"https:\\\/\\\/www.ungarn-in-sachsen.de\\\/hu\\\/datenschutzerklaerung\\\/\",\"url\":\"https:\\\/\\\/www.ungarn-in-sachsen.de\\\/hu\\\/datenschutzerklaerung\\\/\",\"name\":\"Datenschutzerkl\u00e4rung - Ungarischer Kulturverein Chemnitz und Umgebung e. V.\",\"isPartOf\":{\"@id\":\"https:\\\/\\\/www.ungarn-in-sachsen.de\\\/hu\\\/#website\"},\"datePublished\":\"2023-03-25T15:12:55+00:00\",\"dateModified\":\"2024-05-24T13:17:51+00:00\",\"breadcrumb\":{\"@id\":\"https:\\\/\\\/www.ungarn-in-sachsen.de\\\/hu\\\/datenschutzerklaerung\\\/#breadcrumb\"},\"inLanguage\":\"hu\",\"potentialAction\":[{\"@type\":\"ReadAction\",\"target\":[\"https:\\\/\\\/www.ungarn-in-sachsen.de\\\/hu\\\/datenschutzerklaerung\\\/\"]}]},{\"@type\":\"BreadcrumbList\",\"@id\":\"https:\\\/\\\/www.ungarn-in-sachsen.de\\\/hu\\\/datenschutzerklaerung\\\/#breadcrumb\",\"itemListElement\":[{\"@type\":\"ListItem\",\"position\":1,\"name\":\"Startseite\",\"item\":\"https:\\\/\\\/www.ungarn-in-sachsen.de\\\/hu\\\/\"},{\"@type\":\"ListItem\",\"position\":2,\"name\":\"Datenschutzerkl\u00e4rung\"}]},{\"@type\":\"WebSite\",\"@id\":\"https:\\\/\\\/www.ungarn-in-sachsen.de\\\/hu\\\/#website\",\"url\":\"https:\\\/\\\/www.ungarn-in-sachsen.de\\\/hu\\\/\",\"name\":\"Ungarischer Kulturverein Chemnitz und Umgebung e. V.\",\"description\":\"Treffpunkt f\u00fcr Freunde der ungarischen Kultur\",\"publisher\":{\"@id\":\"https:\\\/\\\/www.ungarn-in-sachsen.de\\\/hu\\\/#organization\"},\"potentialAction\":[{\"@type\":\"SearchAction\",\"target\":{\"@type\":\"EntryPoint\",\"urlTemplate\":\"https:\\\/\\\/www.ungarn-in-sachsen.de\\\/hu\\\/?s={search_term_string}\"},\"query-input\":{\"@type\":\"PropertyValueSpecification\",\"valueRequired\":true,\"valueName\":\"search_term_string\"}}],\"inLanguage\":\"hu\"},{\"@type\":\"Organization\",\"@id\":\"https:\\\/\\\/www.ungarn-in-sachsen.de\\\/hu\\\/#organization\",\"name\":\"Ungarischer Kulturverein Chemnitz und Umgebung e.V.\",\"url\":\"https:\\\/\\\/www.ungarn-in-sachsen.de\\\/hu\\\/\",\"logo\":{\"@type\":\"ImageObject\",\"inLanguage\":\"hu\",\"@id\":\"https:\\\/\\\/www.ungarn-in-sachsen.de\\\/hu\\\/#\\\/schema\\\/logo\\\/image\\\/\",\"url\":\"https:\\\/\\\/www.ungarn-in-sachsen.de\\\/wp-content\\\/uploads\\\/2019\\\/04\\\/logo.jpg\",\"contentUrl\":\"https:\\\/\\\/www.ungarn-in-sachsen.de\\\/wp-content\\\/uploads\\\/2019\\\/04\\\/logo.jpg\",\"width\":266,\"height\":170,\"caption\":\"Ungarischer Kulturverein Chemnitz und Umgebung e.V.\"},\"image\":{\"@id\":\"https:\\\/\\\/www.ungarn-in-sachsen.de\\\/hu\\\/#\\\/schema\\\/logo\\\/image\\\/\"},\"sameAs\":[\"https:\\\/\\\/www.facebook.com\\\/Ungarischer-Kulturverein-Chemnitz-und-Umgebung-eV-229421257171599\\\/\"]}]}<\/script>\n<!-- \/ Yoast SEO plugin. -->","yoast_head_json":{"title":"Datenschutzerkl\u00e4rung - Ungarischer Kulturverein Chemnitz und Umgebung e. V.","robots":{"index":"index","follow":"follow","max-snippet":"max-snippet:-1","max-image-preview":"max-image-preview:large","max-video-preview":"max-video-preview:-1"},"canonical":"https:\/\/www.ungarn-in-sachsen.de\/hu\/datenschutzerklaerung\/","og_locale":"hu_HU","og_type":"article","og_title":"Datenschutzerkl\u00e4rung - Ungarischer Kulturverein Chemnitz und Umgebung e. V.","og_description":"DatenschutzInformationDatenschutzerkl\u00e4rungGeltungsbereich Diese Datenschutzerkl\u00e4rung soll die Nutzer dieser Website gem\u00e4\u00df Bundesdatenschutzgesetz und Telemediengesetz \u00fcber die Art, den Umfang und den Zweck der Erhebung und Verwendung personenbezogener Daten durch den Websitebetreiber Ungarischer [&hellip;]","og_url":"https:\/\/www.ungarn-in-sachsen.de\/hu\/datenschutzerklaerung\/","og_site_name":"Ungarischer Kulturverein Chemnitz und Umgebung e. V.","article_publisher":"https:\/\/www.facebook.com\/Ungarischer-Kulturverein-Chemnitz-und-Umgebung-eV-229421257171599\/","article_modified_time":"2024-05-24T13:17:51+00:00","twitter_card":"summary_large_image","twitter_misc":{"Becs\u00fclt olvas\u00e1si id\u0151":"5 perc"},"schema":{"@context":"https:\/\/schema.org","@graph":[{"@type":"WebPage","@id":"https:\/\/www.ungarn-in-sachsen.de\/hu\/datenschutzerklaerung\/","url":"https:\/\/www.ungarn-in-sachsen.de\/hu\/datenschutzerklaerung\/","name":"Datenschutzerkl\u00e4rung - Ungarischer Kulturverein Chemnitz und Umgebung e. V.","isPartOf":{"@id":"https:\/\/www.ungarn-in-sachsen.de\/hu\/#website"},"datePublished":"2023-03-25T15:12:55+00:00","dateModified":"2024-05-24T13:17:51+00:00","breadcrumb":{"@id":"https:\/\/www.ungarn-in-sachsen.de\/hu\/datenschutzerklaerung\/#breadcrumb"},"inLanguage":"hu","potentialAction":[{"@type":"ReadAction","target":["https:\/\/www.ungarn-in-sachsen.de\/hu\/datenschutzerklaerung\/"]}]},{"@type":"BreadcrumbList","@id":"https:\/\/www.ungarn-in-sachsen.de\/hu\/datenschutzerklaerung\/#breadcrumb","itemListElement":[{"@type":"ListItem","position":1,"name":"Startseite","item":"https:\/\/www.ungarn-in-sachsen.de\/hu\/"},{"@type":"ListItem","position":2,"name":"Datenschutzerkl\u00e4rung"}]},{"@type":"WebSite","@id":"https:\/\/www.ungarn-in-sachsen.de\/hu\/#website","url":"https:\/\/www.ungarn-in-sachsen.de\/hu\/","name":"Ungarischer Kulturverein Chemnitz und Umgebung e. V.","description":"Treffpunkt f\u00fcr Freunde der ungarischen Kultur","publisher":{"@id":"https:\/\/www.ungarn-in-sachsen.de\/hu\/#organization"},"potentialAction":[{"@type":"SearchAction","target":{"@type":"EntryPoint","urlTemplate":"https:\/\/www.ungarn-in-sachsen.de\/hu\/?s={search_term_string}"},"query-input":{"@type":"PropertyValueSpecification","valueRequired":true,"valueName":"search_term_string"}}],"inLanguage":"hu"},{"@type":"Organization","@id":"https:\/\/www.ungarn-in-sachsen.de\/hu\/#organization","name":"Ungarischer Kulturverein Chemnitz und Umgebung e.V.","url":"https:\/\/www.ungarn-in-sachsen.de\/hu\/","logo":{"@type":"ImageObject","inLanguage":"hu","@id":"https:\/\/www.ungarn-in-sachsen.de\/hu\/#\/schema\/logo\/image\/","url":"https:\/\/www.ungarn-in-sachsen.de\/wp-content\/uploads\/2019\/04\/logo.jpg","contentUrl":"https:\/\/www.ungarn-in-sachsen.de\/wp-content\/uploads\/2019\/04\/logo.jpg","width":266,"height":170,"caption":"Ungarischer Kulturverein Chemnitz und Umgebung e.V."},"image":{"@id":"https:\/\/www.ungarn-in-sachsen.de\/hu\/#\/schema\/logo\/image\/"},"sameAs":["https:\/\/www.facebook.com\/Ungarischer-Kulturverein-Chemnitz-und-Umgebung-eV-229421257171599\/"]}]}},"_links":{"self":[{"href":"https:\/\/www.ungarn-in-sachsen.de\/hu\/wp-json\/wp\/v2\/pages\/33820","targetHints":{"allow":["GET"]}}],"collection":[{"href":"https:\/\/www.ungarn-in-sachsen.de\/hu\/wp-json\/wp\/v2\/pages"}],"about":[{"href":"https:\/\/www.ungarn-in-sachsen.de\/hu\/wp-json\/wp\/v2\/types\/page"}],"author":[{"embeddable":true,"href":"https:\/\/www.ungarn-in-sachsen.de\/hu\/wp-json\/wp\/v2\/users\/7"}],"replies":[{"embeddable":true,"href":"https:\/\/www.ungarn-in-sachsen.de\/hu\/wp-json\/wp\/v2\/comments?post=33820"}],"version-history":[{"count":0,"href":"https:\/\/www.ungarn-in-sachsen.de\/hu\/wp-json\/wp\/v2\/pages\/33820\/revisions"}],"wp:attachment":[{"href":"https:\/\/www.ungarn-in-sachsen.de\/hu\/wp-json\/wp\/v2\/media?parent=33820"}],"curies":[{"name":"wp","href":"https:\/\/api.w.org\/{rel}","templated":true}]}}