{"id":32703,"date":"2023-01-18T12:57:46","date_gmt":"2023-01-18T11:57:46","guid":{"rendered":"https:\/\/www.ungarn-in-sachsen.de\/veranstaltung\/magyar-talalkozo-2023\/"},"modified":"2023-08-28T19:44:15","modified_gmt":"2023-08-28T17:44:15","slug":"magyar-talalkozo-2023","status":"publish","type":"tribe_events","link":"https:\/\/www.ungarn-in-sachsen.de\/hu\/veranstaltung\/magyar-talalkozo-2023\/","title":{"rendered":"N\u00e9met-magyar kultur\u00e1lis est 2023. szeptember 2."},"content":{"rendered":"<p>Kedves magyarok \u00e9s magyarbar\u00e1tok! A Magyar Kultur\u00e1lis Egyes\u00fclet Chemnitz \u00e9s k\u00f6rny\u00e9ke szeretettel megh\u00edv minden \u00e9rdekl\u0151d\u0151t\u00a0 az \u00e9venk\u00e9nt megszervez\u00e9sre ker\u00fcl\u0151 magyar tal\u00e1lkoz\u00f3ra, mely<\/p>\n<p style=\"text-align: center;\">\u00a0<strong>2023 szeptember 2-\u00e1n 18:30 \u00f3r\u00e1t\u00f3l<\/strong> <strong>(beenged\u00e9s 17:30 \u00f3r\u00e1t\u00f3l)<\/strong><\/p>\n<p style=\"text-align: center;\">v\u00e1ltozatos programmal a<\/p>\n<p style=\"text-align: center;\"><strong>PENTAGON 3-<\/strong>ban, <strong>Br\u00fcckenstra\u00dfe 17, 09111<\/strong> <strong>Chemnitz<\/strong><\/p>\n<p>ker\u00fcl megrendez\u00e9sre. \u00c9telekkel, italokkal, muzsik\u00e1val \u00e9s t\u00e1nccal valamint \u00e9rdekes besz\u00e9lget\u00e9sekkel szeretn\u00e9nk \u00d6n\u00f6kkel egy kellemes est\u00e9t elt\u00f6lteni. K\u00e9rj\u00fck, t\u00e1j\u00e9koztassa magyar bar\u00e1tait \u00e9s ismer\u0151seit tal\u00e1lkoz\u00f3nkr\u00f3l. \u00c9s term\u00e9szetesen \u00d6nt is szeretettel v\u00e1rjuk!<\/p>\n<p><span style=\"color: #ff0000;\"><strong>Bel\u00e9p<\/strong><strong>\u0151jegyek \u00e1rlista (csak el\u0151renedel\u00e9s foglal\u00e1ssal)<\/strong><\/span><\/p>\n<p>Tagoknak:\u00a0\u00a0 27,00 \u20ac<\/p>\n<p>Vend\u00e9geknek:\u00a0\u00a0 32,00 \u20ac<\/p>\n<p>Gyerekeknek 6 \u00e9ves korig:\u00a0\u00a0 ingyenes<\/p>\n<p>6 \u00e9ves kort\u00f3l 12 \u00e9ves korig:\u00a0\u00a0 8,00 \u20ac<\/p>\n<p><strong>A bel\u00e9p\u0151jegy a sv\u00e9dasztalos b\u00fcf\u00e9 \u00e1r\u00e1t\u00a0 (22 \u20ac) is tartalmazza. (Italok n\u00e9lk\u00fcl)<\/strong><\/p>\n<p>R\u00e9szv\u00e9tele el\u0151zetes <strong>regisztr\u00e1ci\u00f3hoz<\/strong> k\u00e9rj\u00fck, a foglalt helyek sz\u00e1m\u00e1nak megfelel\u0151 <strong>bel\u00e9p\u0151d\u00edj \u00f6sszeg\u00e9t<\/strong> a Magyar Kultur\u00e1lis Egyes\u00fclet sz\u00e1ml\u00e1j\u00e1ra (IBAN: DE23 8705 0000 3579 0050 30, BIC: CHEK DE81 XXX, Sparkasse Chemnitz)<strong><span style=\"color: #ff0000;\"> 2023.08.26-ig<\/span> utalja \u00e1t<\/strong> \u00e9s e-mailben az <a href=\"&#x6d;&#x61;&#x69;&#x6c;&#116;&#111;&#58;&#105;nfo&#x40;&#x75;&#x6e;&#x67;&#x61;&#114;&#110;&#45;in-&#x73;&#x61;&#x63;&#x68;&#x73;&#101;&#110;&#46;de\"><u>i&#110;&#102;&#x6f;&#x40;&#x75;&#x6e;g&#97;&#114;&#110;&#x2d;&#x69;&#x6e;-s&#97;&#99;&#x68;&#x73;&#x65;n&#46;&#100;&#101;<\/u><\/a> c\u00edm alatt vagy a 0371 2600335 telefonsz\u00e1mon (Sz\u0171cs Mih\u00e1ly)<span style=\"color: #ff0000;\"><strong> <u>valamennyi r\u00e9sztvev\u0151 nev\u00e9nek megad\u00e1s\u00e1val jelezze helyfoglal\u00e1s\u00e1t<\/u><\/strong><\/span>.<\/p>\n<p><strong>A foglalt helyek fenntart\u00e1sa<\/strong> a rendezv\u00e9ny est\u00e9j\u00e9n <strong>legfeljebb 18:30 \u00f3r\u00e1ig<\/strong> lehets\u00e9ges.<\/p>\n<p><strong>T\u00e1j\u00e9koztatjuk kedves vend\u00e9geinket, hogy az el\u0151re befizetett bel\u00e9p\u0151d\u00edjat t\u00e1volmarad\u00e1sa eset\u00e9n nem \u00e1ll m\u00f3dunkban visszafizetni.<\/strong><\/p>\n<p><strong><span style=\"color: #ff0000;\">K\u00e9rj\u00fck a\u00a0 jegyet\u00a0 el\u0151re rendelni mert nincs esti kassza!<\/span> <\/strong><\/p>\n<p>K\u00e9rj\u00fck \u00e9rtes\u00edtse bar\u00e1tait, ismer\u0151seit, a magyar k\u00falt\u00fara kedvel\u0151it, \u0151k is sz\u00edvesen l\u00e1tott vend\u00e9gek.<\/p>\n<p><strong>Helysz\u00edn:<\/strong><\/p>\n<p>Br\u00fcckenstra\u00dfe 17<\/p>\n<p>09111 Chemnitz<\/p>\n<p><a href=\"https:\/\/pentagon3.de\/\">https:\/\/pentagon3.de\/<\/a><\/p>\n<p>K\u00e9rj\u00fck a k\u00f6rny\u00e9ken tal\u00e1lhat\u00f3 parkol\u00f3helyeket vagy a m\u00e9lygar\u00e1zs (fizet\u0151 parkol\u00f3t) haszn\u00e1lj\u00e1k!<\/p>\n<p><strong>Ezt az rendezv\u00e9nyt Chemnitz v\u00e1ros Kisprojektek Alapj\u00e1nak (kultur\u00e1lis prom\u00f3ci\u00f3) seg\u00edts\u00e9g\u00e9vel t\u00e1mogatj\u00e1k.<\/strong><\/p>\n","protected":false},"excerpt":{"rendered":"<p>Kedves magyarok \u00e9s magyarbar\u00e1tok! A Magyar Kultur\u00e1lis Egyes\u00fclet Chemnitz \u00e9s k\u00f6rny\u00e9ke szeretettel megh\u00edv minden \u00e9rdekl\u0151d\u0151t\u00a0 az \u00e9venk\u00e9nt megszervez\u00e9sre ker\u00fcl\u0151 magyar tal\u00e1lkoz\u00f3ra, mely \u00a02023 szeptember 2-\u00e1n 18:30 \u00f3r\u00e1t\u00f3l (beenged\u00e9s 17:30 \u00f3r\u00e1t\u00f3l) [&hellip;]<\/p>\n","protected":false},"author":7,"featured_media":0,"template":"","meta":{"_et_pb_use_builder":"","_et_pb_old_content":"","_et_gb_content_width":"","_tribe_events_status":"","_tribe_events_status_reason":"","footnotes":""},"tags":[],"tribe_events_cat":[131],"class_list":["post-32703","tribe_events","type-tribe_events","status-publish","hentry","tribe_events_cat-rendezveny","cat_rendezveny"],"yoast_head":"<!-- This site is optimized with the Yoast SEO plugin v27.4 - https:\/\/yoast.com\/product\/yoast-seo-wordpress\/ -->\n<title>N\u00e9met-magyar kultur\u00e1lis est 2023. szeptember 2. - Ungarischer Kulturverein Chemnitz und Umgebung e. V.<\/title>\n<meta name=\"robots\" content=\"index, follow, max-snippet:-1, max-image-preview:large, max-video-preview:-1\" \/>\n<link rel=\"canonical\" href=\"https:\/\/www.ungarn-in-sachsen.de\/hu\/veranstaltung\/magyar-talalkozo-2023\/\" \/>\n<meta property=\"og:locale\" content=\"hu_HU\" \/>\n<meta property=\"og:type\" content=\"article\" \/>\n<meta property=\"og:title\" content=\"N\u00e9met-magyar kultur\u00e1lis est 2023. szeptember 2. - Ungarischer Kulturverein Chemnitz und Umgebung e. V.\" \/>\n<meta property=\"og:description\" content=\"Kedves magyarok \u00e9s magyarbar\u00e1tok! A Magyar Kultur\u00e1lis Egyes\u00fclet Chemnitz \u00e9s k\u00f6rny\u00e9ke szeretettel megh\u00edv minden \u00e9rdekl\u0151d\u0151t\u00a0 az \u00e9venk\u00e9nt megszervez\u00e9sre ker\u00fcl\u0151 magyar tal\u00e1lkoz\u00f3ra, mely \u00a02023 szeptember 2-\u00e1n 18:30 \u00f3r\u00e1t\u00f3l (beenged\u00e9s 17:30 \u00f3r\u00e1t\u00f3l) [&hellip;]\" \/>\n<meta property=\"og:url\" content=\"https:\/\/www.ungarn-in-sachsen.de\/hu\/veranstaltung\/magyar-talalkozo-2023\/\" \/>\n<meta property=\"og:site_name\" content=\"Ungarischer Kulturverein Chemnitz und Umgebung e. V.\" \/>\n<meta property=\"article:publisher\" content=\"https:\/\/www.facebook.com\/Ungarischer-Kulturverein-Chemnitz-und-Umgebung-eV-229421257171599\/\" \/>\n<meta property=\"article:modified_time\" content=\"2023-08-28T17:44:15+00:00\" \/>\n<meta name=\"twitter:card\" content=\"summary_large_image\" \/>\n<meta name=\"twitter:label1\" content=\"Becs\u00fclt olvas\u00e1si id\u0151\" \/>\n\t<meta name=\"twitter:data1\" content=\"2 perc\" \/>\n<script type=\"application\/ld+json\" class=\"yoast-schema-graph\">{\"@context\":\"https:\\\/\\\/schema.org\",\"@graph\":[{\"@type\":\"WebPage\",\"@id\":\"https:\\\/\\\/www.ungarn-in-sachsen.de\\\/hu\\\/veranstaltung\\\/magyar-talalkozo-2023\\\/\",\"url\":\"https:\\\/\\\/www.ungarn-in-sachsen.de\\\/hu\\\/veranstaltung\\\/magyar-talalkozo-2023\\\/\",\"name\":\"N\u00e9met-magyar kultur\u00e1lis est 2023. szeptember 2. - Ungarischer Kulturverein Chemnitz und Umgebung e. V.\",\"isPartOf\":{\"@id\":\"https:\\\/\\\/www.ungarn-in-sachsen.de\\\/hu\\\/#website\"},\"datePublished\":\"2023-01-18T11:57:46+00:00\",\"dateModified\":\"2023-08-28T17:44:15+00:00\",\"breadcrumb\":{\"@id\":\"https:\\\/\\\/www.ungarn-in-sachsen.de\\\/hu\\\/veranstaltung\\\/magyar-talalkozo-2023\\\/#breadcrumb\"},\"inLanguage\":\"hu\",\"potentialAction\":[{\"@type\":\"ReadAction\",\"target\":[\"https:\\\/\\\/www.ungarn-in-sachsen.de\\\/hu\\\/veranstaltung\\\/magyar-talalkozo-2023\\\/\"]}]},{\"@type\":\"BreadcrumbList\",\"@id\":\"https:\\\/\\\/www.ungarn-in-sachsen.de\\\/hu\\\/veranstaltung\\\/magyar-talalkozo-2023\\\/#breadcrumb\",\"itemListElement\":[{\"@type\":\"ListItem\",\"position\":1,\"name\":\"Startseite\",\"item\":\"https:\\\/\\\/www.ungarn-in-sachsen.de\\\/hu\\\/\"},{\"@type\":\"ListItem\",\"position\":2,\"name\":\"Esem\u00e9nyek\",\"item\":\"https:\\\/\\\/www.ungarn-in-sachsen.de\\\/hu\\\/kalender\\\/\"},{\"@type\":\"ListItem\",\"position\":3,\"name\":\"N\u00e9met-magyar kultur\u00e1lis est 2023. szeptember 2.\"}]},{\"@type\":\"WebSite\",\"@id\":\"https:\\\/\\\/www.ungarn-in-sachsen.de\\\/hu\\\/#website\",\"url\":\"https:\\\/\\\/www.ungarn-in-sachsen.de\\\/hu\\\/\",\"name\":\"Ungarischer Kulturverein Chemnitz und Umgebung e. V.\",\"description\":\"Treffpunkt f\u00fcr Freunde der ungarischen Kultur\",\"publisher\":{\"@id\":\"https:\\\/\\\/www.ungarn-in-sachsen.de\\\/hu\\\/#organization\"},\"potentialAction\":[{\"@type\":\"SearchAction\",\"target\":{\"@type\":\"EntryPoint\",\"urlTemplate\":\"https:\\\/\\\/www.ungarn-in-sachsen.de\\\/hu\\\/?s={search_term_string}\"},\"query-input\":{\"@type\":\"PropertyValueSpecification\",\"valueRequired\":true,\"valueName\":\"search_term_string\"}}],\"inLanguage\":\"hu\"},{\"@type\":\"Organization\",\"@id\":\"https:\\\/\\\/www.ungarn-in-sachsen.de\\\/hu\\\/#organization\",\"name\":\"Ungarischer Kulturverein Chemnitz und Umgebung e.V.\",\"url\":\"https:\\\/\\\/www.ungarn-in-sachsen.de\\\/hu\\\/\",\"logo\":{\"@type\":\"ImageObject\",\"inLanguage\":\"hu\",\"@id\":\"https:\\\/\\\/www.ungarn-in-sachsen.de\\\/hu\\\/#\\\/schema\\\/logo\\\/image\\\/\",\"url\":\"https:\\\/\\\/www.ungarn-in-sachsen.de\\\/wp-content\\\/uploads\\\/2019\\\/04\\\/logo.jpg\",\"contentUrl\":\"https:\\\/\\\/www.ungarn-in-sachsen.de\\\/wp-content\\\/uploads\\\/2019\\\/04\\\/logo.jpg\",\"width\":266,\"height\":170,\"caption\":\"Ungarischer Kulturverein Chemnitz und Umgebung e.V.\"},\"image\":{\"@id\":\"https:\\\/\\\/www.ungarn-in-sachsen.de\\\/hu\\\/#\\\/schema\\\/logo\\\/image\\\/\"},\"sameAs\":[\"https:\\\/\\\/www.facebook.com\\\/Ungarischer-Kulturverein-Chemnitz-und-Umgebung-eV-229421257171599\\\/\"]}]}<\/script>\n<!-- \/ Yoast SEO plugin. -->","yoast_head_json":{"title":"N\u00e9met-magyar kultur\u00e1lis est 2023. szeptember 2. - Ungarischer Kulturverein Chemnitz und Umgebung e. V.","robots":{"index":"index","follow":"follow","max-snippet":"max-snippet:-1","max-image-preview":"max-image-preview:large","max-video-preview":"max-video-preview:-1"},"canonical":"https:\/\/www.ungarn-in-sachsen.de\/hu\/veranstaltung\/magyar-talalkozo-2023\/","og_locale":"hu_HU","og_type":"article","og_title":"N\u00e9met-magyar kultur\u00e1lis est 2023. szeptember 2. - Ungarischer Kulturverein Chemnitz und Umgebung e. V.","og_description":"Kedves magyarok \u00e9s magyarbar\u00e1tok! A Magyar Kultur\u00e1lis Egyes\u00fclet Chemnitz \u00e9s k\u00f6rny\u00e9ke szeretettel megh\u00edv minden \u00e9rdekl\u0151d\u0151t\u00a0 az \u00e9venk\u00e9nt megszervez\u00e9sre ker\u00fcl\u0151 magyar tal\u00e1lkoz\u00f3ra, mely \u00a02023 szeptember 2-\u00e1n 18:30 \u00f3r\u00e1t\u00f3l (beenged\u00e9s 17:30 \u00f3r\u00e1t\u00f3l) [&hellip;]","og_url":"https:\/\/www.ungarn-in-sachsen.de\/hu\/veranstaltung\/magyar-talalkozo-2023\/","og_site_name":"Ungarischer Kulturverein Chemnitz und Umgebung e. V.","article_publisher":"https:\/\/www.facebook.com\/Ungarischer-Kulturverein-Chemnitz-und-Umgebung-eV-229421257171599\/","article_modified_time":"2023-08-28T17:44:15+00:00","twitter_card":"summary_large_image","twitter_misc":{"Becs\u00fclt olvas\u00e1si id\u0151":"2 perc"},"schema":{"@context":"https:\/\/schema.org","@graph":[{"@type":"WebPage","@id":"https:\/\/www.ungarn-in-sachsen.de\/hu\/veranstaltung\/magyar-talalkozo-2023\/","url":"https:\/\/www.ungarn-in-sachsen.de\/hu\/veranstaltung\/magyar-talalkozo-2023\/","name":"N\u00e9met-magyar kultur\u00e1lis est 2023. szeptember 2. - Ungarischer Kulturverein Chemnitz und Umgebung e. V.","isPartOf":{"@id":"https:\/\/www.ungarn-in-sachsen.de\/hu\/#website"},"datePublished":"2023-01-18T11:57:46+00:00","dateModified":"2023-08-28T17:44:15+00:00","breadcrumb":{"@id":"https:\/\/www.ungarn-in-sachsen.de\/hu\/veranstaltung\/magyar-talalkozo-2023\/#breadcrumb"},"inLanguage":"hu","potentialAction":[{"@type":"ReadAction","target":["https:\/\/www.ungarn-in-sachsen.de\/hu\/veranstaltung\/magyar-talalkozo-2023\/"]}]},{"@type":"BreadcrumbList","@id":"https:\/\/www.ungarn-in-sachsen.de\/hu\/veranstaltung\/magyar-talalkozo-2023\/#breadcrumb","itemListElement":[{"@type":"ListItem","position":1,"name":"Startseite","item":"https:\/\/www.ungarn-in-sachsen.de\/hu\/"},{"@type":"ListItem","position":2,"name":"Esem\u00e9nyek","item":"https:\/\/www.ungarn-in-sachsen.de\/hu\/kalender\/"},{"@type":"ListItem","position":3,"name":"N\u00e9met-magyar kultur\u00e1lis est 2023. szeptember 2."}]},{"@type":"WebSite","@id":"https:\/\/www.ungarn-in-sachsen.de\/hu\/#website","url":"https:\/\/www.ungarn-in-sachsen.de\/hu\/","name":"Ungarischer Kulturverein Chemnitz und Umgebung e. V.","description":"Treffpunkt f\u00fcr Freunde der ungarischen Kultur","publisher":{"@id":"https:\/\/www.ungarn-in-sachsen.de\/hu\/#organization"},"potentialAction":[{"@type":"SearchAction","target":{"@type":"EntryPoint","urlTemplate":"https:\/\/www.ungarn-in-sachsen.de\/hu\/?s={search_term_string}"},"query-input":{"@type":"PropertyValueSpecification","valueRequired":true,"valueName":"search_term_string"}}],"inLanguage":"hu"},{"@type":"Organization","@id":"https:\/\/www.ungarn-in-sachsen.de\/hu\/#organization","name":"Ungarischer Kulturverein Chemnitz und Umgebung e.V.","url":"https:\/\/www.ungarn-in-sachsen.de\/hu\/","logo":{"@type":"ImageObject","inLanguage":"hu","@id":"https:\/\/www.ungarn-in-sachsen.de\/hu\/#\/schema\/logo\/image\/","url":"https:\/\/www.ungarn-in-sachsen.de\/wp-content\/uploads\/2019\/04\/logo.jpg","contentUrl":"https:\/\/www.ungarn-in-sachsen.de\/wp-content\/uploads\/2019\/04\/logo.jpg","width":266,"height":170,"caption":"Ungarischer Kulturverein Chemnitz und Umgebung e.V."},"image":{"@id":"https:\/\/www.ungarn-in-sachsen.de\/hu\/#\/schema\/logo\/image\/"},"sameAs":["https:\/\/www.facebook.com\/Ungarischer-Kulturverein-Chemnitz-und-Umgebung-eV-229421257171599\/"]}]}},"_links":{"self":[{"href":"https:\/\/www.ungarn-in-sachsen.de\/hu\/wp-json\/wp\/v2\/tribe_events\/32703","targetHints":{"allow":["GET"]}}],"collection":[{"href":"https:\/\/www.ungarn-in-sachsen.de\/hu\/wp-json\/wp\/v2\/tribe_events"}],"about":[{"href":"https:\/\/www.ungarn-in-sachsen.de\/hu\/wp-json\/wp\/v2\/types\/tribe_events"}],"author":[{"embeddable":true,"href":"https:\/\/www.ungarn-in-sachsen.de\/hu\/wp-json\/wp\/v2\/users\/7"}],"version-history":[{"count":0,"href":"https:\/\/www.ungarn-in-sachsen.de\/hu\/wp-json\/wp\/v2\/tribe_events\/32703\/revisions"}],"wp:attachment":[{"href":"https:\/\/www.ungarn-in-sachsen.de\/hu\/wp-json\/wp\/v2\/media?parent=32703"}],"wp:term":[{"taxonomy":"post_tag","embeddable":true,"href":"https:\/\/www.ungarn-in-sachsen.de\/hu\/wp-json\/wp\/v2\/tags?post=32703"},{"taxonomy":"tribe_events_cat","embeddable":true,"href":"https:\/\/www.ungarn-in-sachsen.de\/hu\/wp-json\/wp\/v2\/tribe_events_cat?post=32703"}],"curies":[{"name":"wp","href":"https:\/\/api.w.org\/{rel}","templated":true}]}}