{"id":34366,"date":"2023-12-10T19:52:08","date_gmt":"2023-12-10T18:52:08","guid":{"rendered":"https:\/\/www.ungarn-in-sachsen.de\/veranstaltung\/magyar-kulturalis-est-2024-november-9-en\/"},"modified":"2024-10-23T18:43:21","modified_gmt":"2024-10-23T16:43:21","slug":"magyar-kulturalis-est-2024-november-9-en","status":"publish","type":"tribe_events","link":"https:\/\/www.ungarn-in-sachsen.de\/hu\/veranstaltung\/magyar-kulturalis-est-2024-november-9-en\/","title":{"rendered":"Magyar kultur\u00e1lis est 2024. november 9-\u00e9n"},"content":{"rendered":"<h1 style=\"text-align: center;\"><strong>Megh\u00edv\u00f3 a Magyar Tal\u00e1lkoz\u00f3ra 2024<\/strong><\/h1>\n<h1 style=\"text-align: center;\"><strong>a Pentagon 3-ban, Bru\u0308ckenstra\u00dfe 17, 09111 Chemnitz<\/strong><\/h1>\n<p>&nbsp;<\/p>\n<p style=\"font-weight: 400;\">Kedves magyarok \u00e9s magyarbar\u00e1tok!<\/p>\n<p style=\"font-weight: 400;\">A Magyar Kultur\u00e1lis Egyes\u00fclet Chemnitz \u00e9s k\u00f6rny\u00e9ke szeretettel megh\u00edv minden \u00e9rdekl\u0151d\u0151t az idei magyar tal\u00e1lkoz\u00f3ra, mely <strong>2024. november 9-\u00e9n 18:30 \u00f3r\u00e1t\u00f3l<\/strong> <strong>(\u00e9rkez\u00e9s 17:30 \u00f3r\u00e1t\u00f3l)<\/strong> v\u00e1ltozatos programmal a <strong>Pentagon 3-ban<\/strong> ker\u00fcl megrendez\u00e9sre. \u00c9telekkel, italokkal, zen\u00e9vel \u00e9s t\u00e1nccal, valamint \u00e9rdekes besz\u00e9lget\u00e9sekkel szeretn\u00e9nk \u00d6n\u00f6kkel egy kellemes est\u00e9t elt\u00f6lteni.<\/p>\n<p style=\"font-weight: 400;\">A zen\u00e9t id\u00e9n is a Change Party und Show Band biztos\u00edtja \u00e9s \u00fajra \u00fcdv\u00f6z\u00f6lhetj\u00fck a Balatonalm\u00e1di N\u00e9pt\u00e1ncm\u0171hely t\u00e1nccsoportj\u00e1t is.<\/p>\n<p style=\"font-weight: 400;\">A sv\u00e9dasztalos vacsora ebben az \u00e9vben igazi magyaros \u00e9telekb\u0151l fog \u00e1llni, a Fleischerei Nagygyal k\u00f6z\u00f6sen siker\u00fclt egy v\u00e1ltozatos k\u00edn\u00e1latot \u00f6ssze\u00e1ll\u00edtanunk.<\/p>\n<p style=\"font-weight: 400;\">\n<p style=\"font-weight: 400;\"><strong>A bel\u00e9p\u0151jegyek \u00e1rai \u2013 sv\u00e9dasztalos vacsor\u00e1val, italok n\u00e9lk\u00fcl (csak el\u0151rendel\u00e9s foglal\u00e1ssal)<\/strong><\/p>\n<p style=\"font-weight: 400;\">Tagoknak:\u00a0\u00a0\u00a0\u00a0\u00a0\u00a0\u00a0\u00a0\u00a0\u00a0\u00a0\u00a0 \u00a0\u00a0\u00a0\u00a0\u00a0\u00a0\u00a0\u00a0\u00a0\u00a0\u00a0\u00a0\u00a0\u00a0\u00a0\u00a0\u00a0\u00a0\u00a0 30,00 \u20ac\u00a0\u00a0\u00a0\u00a0\u00a0\u00a0\u00a0\u00a0\u00a0\u00a0\u00a0\u00a0\u00a0\u00a0\u00a0\u00a0\u00a0\u00a0\u00a0\u00a0\u00a0\u00a0\u00a0\u00a0\u00a0\u00a0\u00a0\u00a0\u00a0\u00a0\u00a0\u00a0\u00a0\u00a0\u00a0 Vend\u00e9geknek:\u00a0\u00a0\u00a0\u00a0\u00a0\u00a0\u00a0\u00a0\u00a0\u00a0\u00a0\u00a0\u00a0\u00a0\u00a0\u00a0\u00a0\u00a0\u00a0\u00a0\u00a0 \u00a0\u00a035,00 \u20ac<\/p>\n<p style=\"font-weight: 400;\">Gyerekeknek 6 \u00e9ves korig:\u00a0\u00a0\u00a0\u00a0\u00a0\u00a0\u00a0 ingyenes\u00a0\u00a0\u00a0\u00a0\u00a0\u00a0\u00a0\u00a0\u00a0\u00a0\u00a0\u00a0\u00a0\u00a0\u00a0\u00a0\u00a0\u00a0\u00a0\u00a0\u00a0\u00a0\u00a0\u00a0\u00a0\u00a0\u00a0\u00a0\u00a0\u00a0\u00a0\u00a0\u00a0 6 \u00e9ves kort\u00f3l 12 \u00e9ves korig: \u00a0\u00a010,00 \u20ac<\/p>\n<p style=\"font-weight: 400;\">\n<p style=\"font-weight: 400;\">R\u00e9szv\u00e9tele el\u0151zetes <strong>regisztr\u00e1ci\u00f3j\u00e1hoz<\/strong> k\u00e9rj\u00fck, a foglalt helyek sz\u00e1m\u00e1nak megfelel\u0151 <strong>bel\u00e9p\u0151d\u00edj \u00f6sszeg\u00e9t<\/strong> a Magyar Kultur\u00e1lis Egyes\u00fclet sz\u00e1ml\u00e1j\u00e1ra (IBAN: DE23 8705 0000 3579 0050 30, BIC: CHEK DE81XXX, Sparkasse Chemnitz)<strong> 2024.10.11-ig utalja \u00e1t<\/strong>\u00e9s e-mailben az <u>&#105;n&#x66;o&#x40;u&#x6e;&#103;&#x61;&#114;&#x6e;&#45;i&#x6e;-&#x73;a&#x63;&#104;&#x73;&#101;&#x6e;&#46;&#x64;&#101;<\/u> c\u00edm alatt vagy a 0173 5804244-es telefonsz\u00e1mon (Szab\u00f3 \u00c1gota) lehet\u0151s\u00e9g szerint WhatsApp-en, sz\u00f6veges \u00fczenetben, (telefonos jelentkez\u00e9s csak a d\u00e9lut\u00e1ni \u00f3r\u00e1kban lehets\u00e9ges)<strong> <u>valamennyi r\u00e9sztvev\u0151 nev\u00e9nek \u00e9s a gyerekek \u00e9letkor\u00e1nak megad\u00e1s\u00e1val jelezze helyfoglal\u00e1s\u00e1t<\/u><\/strong>.<\/p>\n<p style=\"font-weight: 400;\"><strong>A foglalt helyek fenntart\u00e1sa<\/strong> a rendezv\u00e9ny est\u00e9j\u00e9n <strong>legfeljebb 19:00 \u00f3r\u00e1ig<\/strong> lehets\u00e9ges.<\/p>\n<p style=\"font-weight: 400;\"><strong>T\u00e1j\u00e9koztatjuk kedves vend\u00e9geinket, hogy az el\u0151re befizetett bel\u00e9p\u0151d\u00edjat t\u00e1volmarad\u00e1sa eset\u00e9n nem \u00e1ll m\u00f3dunkban visszafizetni.<\/strong><\/p>\n<p style=\"font-weight: 400;\"><strong>\u00a0<\/strong><\/p>\n<p style=\"font-weight: 400;\"><strong>K\u00e9rj\u00fck a helyfoglal\u00e1s\u00e1t el\u0151re rendezni, mert a helysz\u00ednen jegyv\u00e1lt\u00e1sra nincs lehet\u0151s\u00e9g! <\/strong><\/p>\n<p style=\"font-weight: 400;\">K\u00e9rj\u00fck, \u00e9rtes\u00edtse bar\u00e1tait, ismer\u0151seit, a magyar kult\u00fara kedvel\u0151it, mindenkit szeretettel v\u00e1runk.<\/p>\n<p>&nbsp;<\/p>\n<p style=\"font-weight: 400;\"><strong>Helysz\u00edn: <\/strong>Br\u00fcckenstra\u00dfe 17<strong>\u00a0\u00a0\u00a0\u00a0 <\/strong>09111 Chemnitz<\/p>\n<p style=\"font-weight: 400;\"><a href=\"https:\/\/pentagon3.de\/\">https:\/\/pentagon3.de\/<\/a><\/p>\n<p style=\"font-weight: 400;\">K\u00e9rj\u00fck a k\u00f6rny\u00e9ken tal\u00e1lhat\u00f3 parkol\u00f3helyeket vagy a m\u00e9lygar\u00e1zs (fizet\u0151 parkol\u00f3t) haszn\u00e1lj\u00e1k!<\/p>\n<p>&nbsp;<\/p>\n<p>Minden rendezv\u00e9nyre a k\u00f6vetkez\u0151k vonatkoznak: A rendezv\u00e9nyr\u0151l kiz\u00e1rj\u00e1k azokat a szem\u00e9lyeket, akik sz\u00e9ls\u0151s\u00e9ges szervezetekhez tartoznak, sz\u00e9ls\u0151s\u00e9ges szc\u00e9n\u00e1hoz k\u00f6t\u0151dnek, vagy a m\u00faltban m\u00e1r tettek rasszista, nacionalista, antiszemita vagy m\u00e1s embertelen kijelent\u00e9seket. A szervez\u0151k fenntartj\u00e1k a jogot, hogy \u00e9ljenek a h\u00e1zi jogukkal, \u00e9s megtagadj\u00e1k ezekt\u0151l a szem\u00e9lyekt\u0151l a rendezv\u00e9nyre val\u00f3 bel\u00e9p\u00e9st, vagy kiz\u00e1rj\u00e1k \u0151ket a rendezv\u00e9nyr\u0151l.<\/p>\n","protected":false},"excerpt":{"rendered":"<p>Megh\u00edv\u00f3 a Magyar Tal\u00e1lkoz\u00f3ra 2024 a Pentagon 3-ban, Bru\u0308ckenstra\u00dfe 17, 09111 Chemnitz &nbsp; Kedves magyarok \u00e9s magyarbar\u00e1tok! A Magyar Kultur\u00e1lis Egyes\u00fclet Chemnitz \u00e9s k\u00f6rny\u00e9ke szeretettel megh\u00edv minden \u00e9rdekl\u0151d\u0151t az idei [&hellip;]<\/p>\n","protected":false},"author":7,"featured_media":0,"template":"","meta":{"_et_pb_use_builder":"","_et_pb_old_content":"","_et_gb_content_width":"","_tribe_events_status":"","_tribe_events_status_reason":"","footnotes":""},"tags":[],"tribe_events_cat":[131],"class_list":["post-34366","tribe_events","type-tribe_events","status-publish","hentry","tribe_events_cat-rendezveny","cat_rendezveny"],"yoast_head":"<!-- This site is optimized with the Yoast SEO plugin v27.4 - https:\/\/yoast.com\/product\/yoast-seo-wordpress\/ -->\n<title>Magyar kultur\u00e1lis est 2024. november 9-\u00e9n - Ungarischer Kulturverein Chemnitz und Umgebung e. V.<\/title>\n<meta name=\"robots\" content=\"index, follow, max-snippet:-1, max-image-preview:large, max-video-preview:-1\" \/>\n<link rel=\"canonical\" href=\"https:\/\/www.ungarn-in-sachsen.de\/hu\/veranstaltung\/magyar-kulturalis-est-2024-november-9-en\/\" \/>\n<meta property=\"og:locale\" content=\"hu_HU\" \/>\n<meta property=\"og:type\" content=\"article\" \/>\n<meta property=\"og:title\" content=\"Magyar kultur\u00e1lis est 2024. november 9-\u00e9n - Ungarischer Kulturverein Chemnitz und Umgebung e. V.\" \/>\n<meta property=\"og:description\" content=\"Megh\u00edv\u00f3 a Magyar Tal\u00e1lkoz\u00f3ra 2024 a Pentagon 3-ban, Bru\u0308ckenstra\u00dfe 17, 09111 Chemnitz &nbsp; Kedves magyarok \u00e9s magyarbar\u00e1tok! A Magyar Kultur\u00e1lis Egyes\u00fclet Chemnitz \u00e9s k\u00f6rny\u00e9ke szeretettel megh\u00edv minden \u00e9rdekl\u0151d\u0151t az idei [&hellip;]\" \/>\n<meta property=\"og:url\" content=\"https:\/\/www.ungarn-in-sachsen.de\/hu\/veranstaltung\/magyar-kulturalis-est-2024-november-9-en\/\" \/>\n<meta property=\"og:site_name\" content=\"Ungarischer Kulturverein Chemnitz und Umgebung e. V.\" \/>\n<meta property=\"article:publisher\" content=\"https:\/\/www.facebook.com\/Ungarischer-Kulturverein-Chemnitz-und-Umgebung-eV-229421257171599\/\" \/>\n<meta property=\"article:modified_time\" content=\"2024-10-23T16:43:21+00:00\" \/>\n<meta name=\"twitter:card\" content=\"summary_large_image\" \/>\n<meta name=\"twitter:label1\" content=\"Becs\u00fclt olvas\u00e1si id\u0151\" \/>\n\t<meta name=\"twitter:data1\" content=\"2 perc\" \/>\n<script type=\"application\/ld+json\" class=\"yoast-schema-graph\">{\"@context\":\"https:\\\/\\\/schema.org\",\"@graph\":[{\"@type\":\"WebPage\",\"@id\":\"https:\\\/\\\/www.ungarn-in-sachsen.de\\\/hu\\\/veranstaltung\\\/magyar-kulturalis-est-2024-november-9-en\\\/\",\"url\":\"https:\\\/\\\/www.ungarn-in-sachsen.de\\\/hu\\\/veranstaltung\\\/magyar-kulturalis-est-2024-november-9-en\\\/\",\"name\":\"Magyar kultur\u00e1lis est 2024. november 9-\u00e9n - Ungarischer Kulturverein Chemnitz und Umgebung e. V.\",\"isPartOf\":{\"@id\":\"https:\\\/\\\/www.ungarn-in-sachsen.de\\\/hu\\\/#website\"},\"datePublished\":\"2023-12-10T18:52:08+00:00\",\"dateModified\":\"2024-10-23T16:43:21+00:00\",\"breadcrumb\":{\"@id\":\"https:\\\/\\\/www.ungarn-in-sachsen.de\\\/hu\\\/veranstaltung\\\/magyar-kulturalis-est-2024-november-9-en\\\/#breadcrumb\"},\"inLanguage\":\"hu\",\"potentialAction\":[{\"@type\":\"ReadAction\",\"target\":[\"https:\\\/\\\/www.ungarn-in-sachsen.de\\\/hu\\\/veranstaltung\\\/magyar-kulturalis-est-2024-november-9-en\\\/\"]}]},{\"@type\":\"BreadcrumbList\",\"@id\":\"https:\\\/\\\/www.ungarn-in-sachsen.de\\\/hu\\\/veranstaltung\\\/magyar-kulturalis-est-2024-november-9-en\\\/#breadcrumb\",\"itemListElement\":[{\"@type\":\"ListItem\",\"position\":1,\"name\":\"Startseite\",\"item\":\"https:\\\/\\\/www.ungarn-in-sachsen.de\\\/hu\\\/\"},{\"@type\":\"ListItem\",\"position\":2,\"name\":\"Esem\u00e9nyek\",\"item\":\"https:\\\/\\\/www.ungarn-in-sachsen.de\\\/hu\\\/kalender\\\/\"},{\"@type\":\"ListItem\",\"position\":3,\"name\":\"Magyar kultur\u00e1lis est 2024. november 9-\u00e9n\"}]},{\"@type\":\"WebSite\",\"@id\":\"https:\\\/\\\/www.ungarn-in-sachsen.de\\\/hu\\\/#website\",\"url\":\"https:\\\/\\\/www.ungarn-in-sachsen.de\\\/hu\\\/\",\"name\":\"Ungarischer Kulturverein Chemnitz und Umgebung e. V.\",\"description\":\"Treffpunkt f\u00fcr Freunde der ungarischen Kultur\",\"publisher\":{\"@id\":\"https:\\\/\\\/www.ungarn-in-sachsen.de\\\/hu\\\/#organization\"},\"potentialAction\":[{\"@type\":\"SearchAction\",\"target\":{\"@type\":\"EntryPoint\",\"urlTemplate\":\"https:\\\/\\\/www.ungarn-in-sachsen.de\\\/hu\\\/?s={search_term_string}\"},\"query-input\":{\"@type\":\"PropertyValueSpecification\",\"valueRequired\":true,\"valueName\":\"search_term_string\"}}],\"inLanguage\":\"hu\"},{\"@type\":\"Organization\",\"@id\":\"https:\\\/\\\/www.ungarn-in-sachsen.de\\\/hu\\\/#organization\",\"name\":\"Ungarischer Kulturverein Chemnitz und Umgebung e.V.\",\"url\":\"https:\\\/\\\/www.ungarn-in-sachsen.de\\\/hu\\\/\",\"logo\":{\"@type\":\"ImageObject\",\"inLanguage\":\"hu\",\"@id\":\"https:\\\/\\\/www.ungarn-in-sachsen.de\\\/hu\\\/#\\\/schema\\\/logo\\\/image\\\/\",\"url\":\"https:\\\/\\\/www.ungarn-in-sachsen.de\\\/wp-content\\\/uploads\\\/2019\\\/04\\\/logo.jpg\",\"contentUrl\":\"https:\\\/\\\/www.ungarn-in-sachsen.de\\\/wp-content\\\/uploads\\\/2019\\\/04\\\/logo.jpg\",\"width\":266,\"height\":170,\"caption\":\"Ungarischer Kulturverein Chemnitz und Umgebung e.V.\"},\"image\":{\"@id\":\"https:\\\/\\\/www.ungarn-in-sachsen.de\\\/hu\\\/#\\\/schema\\\/logo\\\/image\\\/\"},\"sameAs\":[\"https:\\\/\\\/www.facebook.com\\\/Ungarischer-Kulturverein-Chemnitz-und-Umgebung-eV-229421257171599\\\/\"]}]}<\/script>\n<!-- \/ Yoast SEO plugin. -->","yoast_head_json":{"title":"Magyar kultur\u00e1lis est 2024. november 9-\u00e9n - Ungarischer Kulturverein Chemnitz und Umgebung e. V.","robots":{"index":"index","follow":"follow","max-snippet":"max-snippet:-1","max-image-preview":"max-image-preview:large","max-video-preview":"max-video-preview:-1"},"canonical":"https:\/\/www.ungarn-in-sachsen.de\/hu\/veranstaltung\/magyar-kulturalis-est-2024-november-9-en\/","og_locale":"hu_HU","og_type":"article","og_title":"Magyar kultur\u00e1lis est 2024. november 9-\u00e9n - Ungarischer Kulturverein Chemnitz und Umgebung e. V.","og_description":"Megh\u00edv\u00f3 a Magyar Tal\u00e1lkoz\u00f3ra 2024 a Pentagon 3-ban, Bru\u0308ckenstra\u00dfe 17, 09111 Chemnitz &nbsp; Kedves magyarok \u00e9s magyarbar\u00e1tok! A Magyar Kultur\u00e1lis Egyes\u00fclet Chemnitz \u00e9s k\u00f6rny\u00e9ke szeretettel megh\u00edv minden \u00e9rdekl\u0151d\u0151t az idei [&hellip;]","og_url":"https:\/\/www.ungarn-in-sachsen.de\/hu\/veranstaltung\/magyar-kulturalis-est-2024-november-9-en\/","og_site_name":"Ungarischer Kulturverein Chemnitz und Umgebung e. V.","article_publisher":"https:\/\/www.facebook.com\/Ungarischer-Kulturverein-Chemnitz-und-Umgebung-eV-229421257171599\/","article_modified_time":"2024-10-23T16:43:21+00:00","twitter_card":"summary_large_image","twitter_misc":{"Becs\u00fclt olvas\u00e1si id\u0151":"2 perc"},"schema":{"@context":"https:\/\/schema.org","@graph":[{"@type":"WebPage","@id":"https:\/\/www.ungarn-in-sachsen.de\/hu\/veranstaltung\/magyar-kulturalis-est-2024-november-9-en\/","url":"https:\/\/www.ungarn-in-sachsen.de\/hu\/veranstaltung\/magyar-kulturalis-est-2024-november-9-en\/","name":"Magyar kultur\u00e1lis est 2024. november 9-\u00e9n - Ungarischer Kulturverein Chemnitz und Umgebung e. V.","isPartOf":{"@id":"https:\/\/www.ungarn-in-sachsen.de\/hu\/#website"},"datePublished":"2023-12-10T18:52:08+00:00","dateModified":"2024-10-23T16:43:21+00:00","breadcrumb":{"@id":"https:\/\/www.ungarn-in-sachsen.de\/hu\/veranstaltung\/magyar-kulturalis-est-2024-november-9-en\/#breadcrumb"},"inLanguage":"hu","potentialAction":[{"@type":"ReadAction","target":["https:\/\/www.ungarn-in-sachsen.de\/hu\/veranstaltung\/magyar-kulturalis-est-2024-november-9-en\/"]}]},{"@type":"BreadcrumbList","@id":"https:\/\/www.ungarn-in-sachsen.de\/hu\/veranstaltung\/magyar-kulturalis-est-2024-november-9-en\/#breadcrumb","itemListElement":[{"@type":"ListItem","position":1,"name":"Startseite","item":"https:\/\/www.ungarn-in-sachsen.de\/hu\/"},{"@type":"ListItem","position":2,"name":"Esem\u00e9nyek","item":"https:\/\/www.ungarn-in-sachsen.de\/hu\/kalender\/"},{"@type":"ListItem","position":3,"name":"Magyar kultur\u00e1lis est 2024. november 9-\u00e9n"}]},{"@type":"WebSite","@id":"https:\/\/www.ungarn-in-sachsen.de\/hu\/#website","url":"https:\/\/www.ungarn-in-sachsen.de\/hu\/","name":"Ungarischer Kulturverein Chemnitz und Umgebung e. V.","description":"Treffpunkt f\u00fcr Freunde der ungarischen Kultur","publisher":{"@id":"https:\/\/www.ungarn-in-sachsen.de\/hu\/#organization"},"potentialAction":[{"@type":"SearchAction","target":{"@type":"EntryPoint","urlTemplate":"https:\/\/www.ungarn-in-sachsen.de\/hu\/?s={search_term_string}"},"query-input":{"@type":"PropertyValueSpecification","valueRequired":true,"valueName":"search_term_string"}}],"inLanguage":"hu"},{"@type":"Organization","@id":"https:\/\/www.ungarn-in-sachsen.de\/hu\/#organization","name":"Ungarischer Kulturverein Chemnitz und Umgebung e.V.","url":"https:\/\/www.ungarn-in-sachsen.de\/hu\/","logo":{"@type":"ImageObject","inLanguage":"hu","@id":"https:\/\/www.ungarn-in-sachsen.de\/hu\/#\/schema\/logo\/image\/","url":"https:\/\/www.ungarn-in-sachsen.de\/wp-content\/uploads\/2019\/04\/logo.jpg","contentUrl":"https:\/\/www.ungarn-in-sachsen.de\/wp-content\/uploads\/2019\/04\/logo.jpg","width":266,"height":170,"caption":"Ungarischer Kulturverein Chemnitz und Umgebung e.V."},"image":{"@id":"https:\/\/www.ungarn-in-sachsen.de\/hu\/#\/schema\/logo\/image\/"},"sameAs":["https:\/\/www.facebook.com\/Ungarischer-Kulturverein-Chemnitz-und-Umgebung-eV-229421257171599\/"]}]}},"_links":{"self":[{"href":"https:\/\/www.ungarn-in-sachsen.de\/hu\/wp-json\/wp\/v2\/tribe_events\/34366","targetHints":{"allow":["GET"]}}],"collection":[{"href":"https:\/\/www.ungarn-in-sachsen.de\/hu\/wp-json\/wp\/v2\/tribe_events"}],"about":[{"href":"https:\/\/www.ungarn-in-sachsen.de\/hu\/wp-json\/wp\/v2\/types\/tribe_events"}],"author":[{"embeddable":true,"href":"https:\/\/www.ungarn-in-sachsen.de\/hu\/wp-json\/wp\/v2\/users\/7"}],"version-history":[{"count":0,"href":"https:\/\/www.ungarn-in-sachsen.de\/hu\/wp-json\/wp\/v2\/tribe_events\/34366\/revisions"}],"wp:attachment":[{"href":"https:\/\/www.ungarn-in-sachsen.de\/hu\/wp-json\/wp\/v2\/media?parent=34366"}],"wp:term":[{"taxonomy":"post_tag","embeddable":true,"href":"https:\/\/www.ungarn-in-sachsen.de\/hu\/wp-json\/wp\/v2\/tags?post=34366"},{"taxonomy":"tribe_events_cat","embeddable":true,"href":"https:\/\/www.ungarn-in-sachsen.de\/hu\/wp-json\/wp\/v2\/tribe_events_cat?post=34366"}],"curies":[{"name":"wp","href":"https:\/\/api.w.org\/{rel}","templated":true}]}}