{"id":34785,"date":"2024-08-31T17:53:28","date_gmt":"2024-08-31T15:53:28","guid":{"rendered":"https:\/\/www.ungarn-in-sachsen.de\/veranstaltung\/taggyules-es-karacsonyi-uennepseg-2024-december-6-an\/"},"modified":"2024-12-05T14:42:31","modified_gmt":"2024-12-05T13:42:31","slug":"taggyules-es-karacsonyi-uennepseg-2024-december-6-an","status":"publish","type":"tribe_events","link":"https:\/\/www.ungarn-in-sachsen.de\/hu\/veranstaltung\/taggyules-es-karacsonyi-uennepseg-2024-december-6-an\/","title":{"rendered":"Taggy\u0171l\u00e9s \u00e9s kar\u00e1csonyi \u00fcnneps\u00e9g 2024. december 6-\u00e1n."},"content":{"rendered":"<h3 style=\"text-align: center;\">Megh\u00edv\u00f3 a taggy\u0171l\u00e9sre \u00e9s a kar\u00e1csonyi \u00fcnneps\u00e9gre<\/h3>\n<p>Kedves egyes\u00fcleti tagok, az egyes\u00fclet eln\u00f6ks\u00e9g\u00e9nek nev\u00e9ben tisztelettel megh\u00edvjuk \u00d6n\u00f6ket a<\/p>\n<h3 style=\"text-align: center;\">Taggy\u0171l\u00e9shez december 6-\u00e1n 17:00 \u00f3r\u00e1t\u00f3l a \u201eBety\u00e1r Cs\u00e1rda\u201d \u00e9tteremben, Beyerstrasse 28, 09113 Chemnitz<\/h3>\n<p>A tervek szerint a k\u00f6vetkez\u0151 napirendre ker\u00fcl sor:<\/p>\n<ol>\n<li>Az idei \u00e9v esem\u00e9nyeinek \u00e9rt\u00e9kel\u00e9se<\/li>\n<li>R\u00f6vid besz\u00e1mol\u00f3 az egyes\u00fclet 2024. \u00e9vi p\u00e9nz\u00fcgyeir\u0151l<\/li>\n<li>A 2025. \u00e9vi rendezv\u00e9nyek tervez\u00e9se<\/li>\n<\/ol>\n<p>A kar\u00e1csonyi \u00fcnneps\u00e9g\u00fcnkre a k\u00f6zgy\u0171l\u00e9s ut\u00e1n ker\u00fcl sor. Az \u00e9telek k\u00f6z\u00fcl lehet majd v\u00e1lasztani:<\/p>\n<ul>\n<li>R\u00e1ntott sert\u00e9sszelet \u00e9s s\u00fclt krumpli (15,00 EUR).<\/li>\n<li>V\u00f6r\u00f6sborral, gomb\u00e1val \u00e9s gomb\u00f3cokkal finom\u00edtott marhaguly\u00e1s (16,50 \u20ac)<\/li>\n<li>Csirkecomb paprikakr\u00e9mes m\u00e1rt\u00e1sban \u00e9s gomb\u00f3c (14,50 \u20ac)<\/li>\n<li>Pan\u00edrozott gomba vagy sajt v\u00e1laszt\u00e1sa tart\u00e1rm\u00e1rt\u00e1ssal, p\u00e1sztor sal\u00e1t\u00e1val \u00e9s rizzsel (12,00 \u20ac)<\/li>\n<\/ul>\n<p>Az italok k\u00f6lts\u00e9g\u00e9t szint\u00e9n a vend\u00e9geknek kell viselni\u00fck. Aki szeretn\u00e9, kar\u00e1csonyi s\u00fctem\u00e9nyt is hozhat a partira.<\/p>\n<p>Mivel a Bety\u00e1r Cs\u00e1rd\u00e1ban korl\u00e1tozott a hely, csak klubtagok \u00e9s csal\u00e1dtagjaik vehetnek r\u00e9szt.<\/p>\n<p>K\u00e9rj\u00fck, hogy az \u00e9telv\u00e1laszt\u00e9kkal egy\u00fctt jelentkezzenek telefonon 2024. november 29-ig a Bety\u00e1r Cs\u00e1rd\u00e1ban a 0371 \/ 33 12 320-as telefonsz\u00e1mon.<\/p>\n<p>Minden rendezv\u00e9nyre a k\u00f6vetkez\u0151k vonatkoznak: A rendezv\u00e9nyr\u0151l kiz\u00e1rj\u00e1k azokat a szem\u00e9lyeket, akik sz\u00e9ls\u0151s\u00e9ges szervezetekhez tartoznak, sz\u00e9ls\u0151s\u00e9ges szc\u00e9n\u00e1hoz k\u00f6t\u0151dnek, vagy a m\u00faltban m\u00e1r tettek rasszista, nacionalista, antiszemita vagy m\u00e1s embertelen kijelent\u00e9seket. A szervez\u0151k fenntartj\u00e1k a jogot, hogy \u00e9ljenek a h\u00e1zi jogukkal, \u00e9s megtagadj\u00e1k ezekt\u0151l a szem\u00e9lyekt\u0151l a rendezv\u00e9nyre val\u00f3 bel\u00e9p\u00e9st, vagy kiz\u00e1rj\u00e1k \u0151ket a rendezv\u00e9nyr\u0151l.<\/p>\n","protected":false},"excerpt":{"rendered":"<p>Megh\u00edv\u00f3 a taggy\u0171l\u00e9sre \u00e9s a kar\u00e1csonyi \u00fcnneps\u00e9gre Kedves egyes\u00fcleti tagok, az egyes\u00fclet eln\u00f6ks\u00e9g\u00e9nek nev\u00e9ben tisztelettel megh\u00edvjuk \u00d6n\u00f6ket a Taggy\u0171l\u00e9shez december 6-\u00e1n 17:00 \u00f3r\u00e1t\u00f3l a \u201eBety\u00e1r Cs\u00e1rda\u201d \u00e9tteremben, Beyerstrasse 28, 09113 [&hellip;]<\/p>\n","protected":false},"author":7,"featured_media":0,"template":"","meta":{"_et_pb_use_builder":"","_et_pb_old_content":"<h3 style=\"text-align: center;\">Megh\u00edv\u00f3 a taggy\u0171l\u00e9sre \u00e9s a kar\u00e1csonyi \u00fcnneps\u00e9gre<\/h3>\r\n<p>Kedves egyes\u00fcleti tagok, az egyes\u00fclet eln\u00f6ks\u00e9g\u00e9nek nev\u00e9ben tisztelettel megh\u00edvjuk \u00d6n\u00f6ket a<\/p>\r\n<h3 style=\"text-align: center;\">Taggy\u0171l\u00e9shez december 6-\u00e1n 17:00 \u00f3r\u00e1t\u00f3l a \u201eBety\u00e1r Cs\u00e1rda\u201d \u00e9tteremben, Beyerstrasse 28, 09113 Chemnitz<\/h3>\r\n\r\n<p>A napirendet k\u00e9s\u0151bb jelentik be. A kar\u00e1csonyi \u00fcnneps\u00e9g\u00fcnkre a taggy\u0171l\u00e9s ut\u00e1n ker\u00fcl sor. A r\u00e9szleteket m\u00e9g egyeztetj\u00fck, \u00e9s \u00f6tleteket mint mindig, most is sz\u00edvesen fogadjuk.<\/p>","_et_gb_content_width":"","_tribe_events_status":"","_tribe_events_status_reason":"","footnotes":""},"tags":[],"tribe_events_cat":[133],"class_list":["post-34785","tribe_events","type-tribe_events","status-publish","hentry","tribe_events_cat-taggyules","cat_taggyules"],"yoast_head":"<!-- This site is optimized with the Yoast SEO plugin v27.4 - https:\/\/yoast.com\/product\/yoast-seo-wordpress\/ -->\n<title>Taggy\u0171l\u00e9s \u00e9s kar\u00e1csonyi \u00fcnneps\u00e9g 2024. december 6-\u00e1n. - Ungarischer Kulturverein Chemnitz und Umgebung e. V.<\/title>\n<meta name=\"robots\" content=\"index, follow, max-snippet:-1, max-image-preview:large, max-video-preview:-1\" \/>\n<link rel=\"canonical\" href=\"https:\/\/www.ungarn-in-sachsen.de\/hu\/veranstaltung\/taggyules-es-karacsonyi-uennepseg-2024-december-6-an\/\" \/>\n<meta property=\"og:locale\" content=\"hu_HU\" \/>\n<meta property=\"og:type\" content=\"article\" \/>\n<meta property=\"og:title\" content=\"Taggy\u0171l\u00e9s \u00e9s kar\u00e1csonyi \u00fcnneps\u00e9g 2024. december 6-\u00e1n. - Ungarischer Kulturverein Chemnitz und Umgebung e. V.\" \/>\n<meta property=\"og:description\" content=\"Megh\u00edv\u00f3 a taggy\u0171l\u00e9sre \u00e9s a kar\u00e1csonyi \u00fcnneps\u00e9gre Kedves egyes\u00fcleti tagok, az egyes\u00fclet eln\u00f6ks\u00e9g\u00e9nek nev\u00e9ben tisztelettel megh\u00edvjuk \u00d6n\u00f6ket a Taggy\u0171l\u00e9shez december 6-\u00e1n 17:00 \u00f3r\u00e1t\u00f3l a \u201eBety\u00e1r Cs\u00e1rda\u201d \u00e9tteremben, Beyerstrasse 28, 09113 [&hellip;]\" \/>\n<meta property=\"og:url\" content=\"https:\/\/www.ungarn-in-sachsen.de\/hu\/veranstaltung\/taggyules-es-karacsonyi-uennepseg-2024-december-6-an\/\" \/>\n<meta property=\"og:site_name\" content=\"Ungarischer Kulturverein Chemnitz und Umgebung e. V.\" \/>\n<meta property=\"article:publisher\" content=\"https:\/\/www.facebook.com\/Ungarischer-Kulturverein-Chemnitz-und-Umgebung-eV-229421257171599\/\" \/>\n<meta property=\"article:modified_time\" content=\"2024-12-05T13:42:31+00:00\" \/>\n<meta name=\"twitter:card\" content=\"summary_large_image\" \/>\n<meta name=\"twitter:label1\" content=\"Becs\u00fclt olvas\u00e1si id\u0151\" \/>\n\t<meta name=\"twitter:data1\" content=\"2 perc\" \/>\n<script type=\"application\/ld+json\" class=\"yoast-schema-graph\">{\"@context\":\"https:\\\/\\\/schema.org\",\"@graph\":[{\"@type\":\"WebPage\",\"@id\":\"https:\\\/\\\/www.ungarn-in-sachsen.de\\\/hu\\\/veranstaltung\\\/taggyules-es-karacsonyi-uennepseg-2024-december-6-an\\\/\",\"url\":\"https:\\\/\\\/www.ungarn-in-sachsen.de\\\/hu\\\/veranstaltung\\\/taggyules-es-karacsonyi-uennepseg-2024-december-6-an\\\/\",\"name\":\"Taggy\u0171l\u00e9s \u00e9s kar\u00e1csonyi \u00fcnneps\u00e9g 2024. december 6-\u00e1n. - Ungarischer Kulturverein Chemnitz und Umgebung e. V.\",\"isPartOf\":{\"@id\":\"https:\\\/\\\/www.ungarn-in-sachsen.de\\\/hu\\\/#website\"},\"datePublished\":\"2024-08-31T15:53:28+00:00\",\"dateModified\":\"2024-12-05T13:42:31+00:00\",\"breadcrumb\":{\"@id\":\"https:\\\/\\\/www.ungarn-in-sachsen.de\\\/hu\\\/veranstaltung\\\/taggyules-es-karacsonyi-uennepseg-2024-december-6-an\\\/#breadcrumb\"},\"inLanguage\":\"hu\",\"potentialAction\":[{\"@type\":\"ReadAction\",\"target\":[\"https:\\\/\\\/www.ungarn-in-sachsen.de\\\/hu\\\/veranstaltung\\\/taggyules-es-karacsonyi-uennepseg-2024-december-6-an\\\/\"]}]},{\"@type\":\"BreadcrumbList\",\"@id\":\"https:\\\/\\\/www.ungarn-in-sachsen.de\\\/hu\\\/veranstaltung\\\/taggyules-es-karacsonyi-uennepseg-2024-december-6-an\\\/#breadcrumb\",\"itemListElement\":[{\"@type\":\"ListItem\",\"position\":1,\"name\":\"Startseite\",\"item\":\"https:\\\/\\\/www.ungarn-in-sachsen.de\\\/hu\\\/\"},{\"@type\":\"ListItem\",\"position\":2,\"name\":\"Esem\u00e9nyek\",\"item\":\"https:\\\/\\\/www.ungarn-in-sachsen.de\\\/hu\\\/kalender\\\/\"},{\"@type\":\"ListItem\",\"position\":3,\"name\":\"Taggy\u0171l\u00e9s \u00e9s kar\u00e1csonyi \u00fcnneps\u00e9g 2024. december 6-\u00e1n.\"}]},{\"@type\":\"WebSite\",\"@id\":\"https:\\\/\\\/www.ungarn-in-sachsen.de\\\/hu\\\/#website\",\"url\":\"https:\\\/\\\/www.ungarn-in-sachsen.de\\\/hu\\\/\",\"name\":\"Ungarischer Kulturverein Chemnitz und Umgebung e. V.\",\"description\":\"Treffpunkt f\u00fcr Freunde der ungarischen Kultur\",\"publisher\":{\"@id\":\"https:\\\/\\\/www.ungarn-in-sachsen.de\\\/hu\\\/#organization\"},\"potentialAction\":[{\"@type\":\"SearchAction\",\"target\":{\"@type\":\"EntryPoint\",\"urlTemplate\":\"https:\\\/\\\/www.ungarn-in-sachsen.de\\\/hu\\\/?s={search_term_string}\"},\"query-input\":{\"@type\":\"PropertyValueSpecification\",\"valueRequired\":true,\"valueName\":\"search_term_string\"}}],\"inLanguage\":\"hu\"},{\"@type\":\"Organization\",\"@id\":\"https:\\\/\\\/www.ungarn-in-sachsen.de\\\/hu\\\/#organization\",\"name\":\"Ungarischer Kulturverein Chemnitz und Umgebung e.V.\",\"url\":\"https:\\\/\\\/www.ungarn-in-sachsen.de\\\/hu\\\/\",\"logo\":{\"@type\":\"ImageObject\",\"inLanguage\":\"hu\",\"@id\":\"https:\\\/\\\/www.ungarn-in-sachsen.de\\\/hu\\\/#\\\/schema\\\/logo\\\/image\\\/\",\"url\":\"https:\\\/\\\/www.ungarn-in-sachsen.de\\\/wp-content\\\/uploads\\\/2019\\\/04\\\/logo.jpg\",\"contentUrl\":\"https:\\\/\\\/www.ungarn-in-sachsen.de\\\/wp-content\\\/uploads\\\/2019\\\/04\\\/logo.jpg\",\"width\":266,\"height\":170,\"caption\":\"Ungarischer Kulturverein Chemnitz und Umgebung e.V.\"},\"image\":{\"@id\":\"https:\\\/\\\/www.ungarn-in-sachsen.de\\\/hu\\\/#\\\/schema\\\/logo\\\/image\\\/\"},\"sameAs\":[\"https:\\\/\\\/www.facebook.com\\\/Ungarischer-Kulturverein-Chemnitz-und-Umgebung-eV-229421257171599\\\/\"]}]}<\/script>\n<!-- \/ Yoast SEO plugin. -->","yoast_head_json":{"title":"Taggy\u0171l\u00e9s \u00e9s kar\u00e1csonyi \u00fcnneps\u00e9g 2024. december 6-\u00e1n. - Ungarischer Kulturverein Chemnitz und Umgebung e. V.","robots":{"index":"index","follow":"follow","max-snippet":"max-snippet:-1","max-image-preview":"max-image-preview:large","max-video-preview":"max-video-preview:-1"},"canonical":"https:\/\/www.ungarn-in-sachsen.de\/hu\/veranstaltung\/taggyules-es-karacsonyi-uennepseg-2024-december-6-an\/","og_locale":"hu_HU","og_type":"article","og_title":"Taggy\u0171l\u00e9s \u00e9s kar\u00e1csonyi \u00fcnneps\u00e9g 2024. december 6-\u00e1n. - Ungarischer Kulturverein Chemnitz und Umgebung e. V.","og_description":"Megh\u00edv\u00f3 a taggy\u0171l\u00e9sre \u00e9s a kar\u00e1csonyi \u00fcnneps\u00e9gre Kedves egyes\u00fcleti tagok, az egyes\u00fclet eln\u00f6ks\u00e9g\u00e9nek nev\u00e9ben tisztelettel megh\u00edvjuk \u00d6n\u00f6ket a Taggy\u0171l\u00e9shez december 6-\u00e1n 17:00 \u00f3r\u00e1t\u00f3l a \u201eBety\u00e1r Cs\u00e1rda\u201d \u00e9tteremben, Beyerstrasse 28, 09113 [&hellip;]","og_url":"https:\/\/www.ungarn-in-sachsen.de\/hu\/veranstaltung\/taggyules-es-karacsonyi-uennepseg-2024-december-6-an\/","og_site_name":"Ungarischer Kulturverein Chemnitz und Umgebung e. V.","article_publisher":"https:\/\/www.facebook.com\/Ungarischer-Kulturverein-Chemnitz-und-Umgebung-eV-229421257171599\/","article_modified_time":"2024-12-05T13:42:31+00:00","twitter_card":"summary_large_image","twitter_misc":{"Becs\u00fclt olvas\u00e1si id\u0151":"2 perc"},"schema":{"@context":"https:\/\/schema.org","@graph":[{"@type":"WebPage","@id":"https:\/\/www.ungarn-in-sachsen.de\/hu\/veranstaltung\/taggyules-es-karacsonyi-uennepseg-2024-december-6-an\/","url":"https:\/\/www.ungarn-in-sachsen.de\/hu\/veranstaltung\/taggyules-es-karacsonyi-uennepseg-2024-december-6-an\/","name":"Taggy\u0171l\u00e9s \u00e9s kar\u00e1csonyi \u00fcnneps\u00e9g 2024. december 6-\u00e1n. - Ungarischer Kulturverein Chemnitz und Umgebung e. V.","isPartOf":{"@id":"https:\/\/www.ungarn-in-sachsen.de\/hu\/#website"},"datePublished":"2024-08-31T15:53:28+00:00","dateModified":"2024-12-05T13:42:31+00:00","breadcrumb":{"@id":"https:\/\/www.ungarn-in-sachsen.de\/hu\/veranstaltung\/taggyules-es-karacsonyi-uennepseg-2024-december-6-an\/#breadcrumb"},"inLanguage":"hu","potentialAction":[{"@type":"ReadAction","target":["https:\/\/www.ungarn-in-sachsen.de\/hu\/veranstaltung\/taggyules-es-karacsonyi-uennepseg-2024-december-6-an\/"]}]},{"@type":"BreadcrumbList","@id":"https:\/\/www.ungarn-in-sachsen.de\/hu\/veranstaltung\/taggyules-es-karacsonyi-uennepseg-2024-december-6-an\/#breadcrumb","itemListElement":[{"@type":"ListItem","position":1,"name":"Startseite","item":"https:\/\/www.ungarn-in-sachsen.de\/hu\/"},{"@type":"ListItem","position":2,"name":"Esem\u00e9nyek","item":"https:\/\/www.ungarn-in-sachsen.de\/hu\/kalender\/"},{"@type":"ListItem","position":3,"name":"Taggy\u0171l\u00e9s \u00e9s kar\u00e1csonyi \u00fcnneps\u00e9g 2024. december 6-\u00e1n."}]},{"@type":"WebSite","@id":"https:\/\/www.ungarn-in-sachsen.de\/hu\/#website","url":"https:\/\/www.ungarn-in-sachsen.de\/hu\/","name":"Ungarischer Kulturverein Chemnitz und Umgebung e. V.","description":"Treffpunkt f\u00fcr Freunde der ungarischen Kultur","publisher":{"@id":"https:\/\/www.ungarn-in-sachsen.de\/hu\/#organization"},"potentialAction":[{"@type":"SearchAction","target":{"@type":"EntryPoint","urlTemplate":"https:\/\/www.ungarn-in-sachsen.de\/hu\/?s={search_term_string}"},"query-input":{"@type":"PropertyValueSpecification","valueRequired":true,"valueName":"search_term_string"}}],"inLanguage":"hu"},{"@type":"Organization","@id":"https:\/\/www.ungarn-in-sachsen.de\/hu\/#organization","name":"Ungarischer Kulturverein Chemnitz und Umgebung e.V.","url":"https:\/\/www.ungarn-in-sachsen.de\/hu\/","logo":{"@type":"ImageObject","inLanguage":"hu","@id":"https:\/\/www.ungarn-in-sachsen.de\/hu\/#\/schema\/logo\/image\/","url":"https:\/\/www.ungarn-in-sachsen.de\/wp-content\/uploads\/2019\/04\/logo.jpg","contentUrl":"https:\/\/www.ungarn-in-sachsen.de\/wp-content\/uploads\/2019\/04\/logo.jpg","width":266,"height":170,"caption":"Ungarischer Kulturverein Chemnitz und Umgebung e.V."},"image":{"@id":"https:\/\/www.ungarn-in-sachsen.de\/hu\/#\/schema\/logo\/image\/"},"sameAs":["https:\/\/www.facebook.com\/Ungarischer-Kulturverein-Chemnitz-und-Umgebung-eV-229421257171599\/"]}]}},"_links":{"self":[{"href":"https:\/\/www.ungarn-in-sachsen.de\/hu\/wp-json\/wp\/v2\/tribe_events\/34785","targetHints":{"allow":["GET"]}}],"collection":[{"href":"https:\/\/www.ungarn-in-sachsen.de\/hu\/wp-json\/wp\/v2\/tribe_events"}],"about":[{"href":"https:\/\/www.ungarn-in-sachsen.de\/hu\/wp-json\/wp\/v2\/types\/tribe_events"}],"author":[{"embeddable":true,"href":"https:\/\/www.ungarn-in-sachsen.de\/hu\/wp-json\/wp\/v2\/users\/7"}],"version-history":[{"count":0,"href":"https:\/\/www.ungarn-in-sachsen.de\/hu\/wp-json\/wp\/v2\/tribe_events\/34785\/revisions"}],"wp:attachment":[{"href":"https:\/\/www.ungarn-in-sachsen.de\/hu\/wp-json\/wp\/v2\/media?parent=34785"}],"wp:term":[{"taxonomy":"post_tag","embeddable":true,"href":"https:\/\/www.ungarn-in-sachsen.de\/hu\/wp-json\/wp\/v2\/tags?post=34785"},{"taxonomy":"tribe_events_cat","embeddable":true,"href":"https:\/\/www.ungarn-in-sachsen.de\/hu\/wp-json\/wp\/v2\/tribe_events_cat?post=34785"}],"curies":[{"name":"wp","href":"https:\/\/api.w.org\/{rel}","templated":true}]}}