{"id":36046,"date":"2026-01-03T19:40:35","date_gmt":"2026-01-03T18:40:35","guid":{"rendered":"https:\/\/www.ungarn-in-sachsen.de\/veranstaltung\/mitglieder-versammlung-und-weihnachtsfeier-am-11-dezember-2026\/"},"modified":"2026-01-03T19:40:35","modified_gmt":"2026-01-03T18:40:35","slug":"mitglieder-versammlung-und-weihnachtsfeier-am-11-dezember-2026","status":"publish","type":"tribe_events","link":"https:\/\/www.ungarn-in-sachsen.de\/hu\/veranstaltung\/mitglieder-versammlung-und-weihnachtsfeier-am-11-dezember-2026\/","title":{"rendered":"Mitglieder-Versammlung und Weihnachtsfeier am 11. Dezember 2026"},"content":{"rendered":"<h3 style=\"text-align: center;\">Megh\u00edv\u00f3 a taggy\u0171l\u00e9sre \u00e9s kar\u00e1csonyi \u00fcnneps\u00e9gre<\/h3>\n<p>Kedves Egyes\u00fcleti Tagok!<\/p>\n<p>Az egyes\u00fclet vezet\u0151s\u00e9ge nev\u00e9ben szeretettel megh\u00edvjuk \u00d6nt a<\/p>\n<h3 style=\"text-align: center;\">Taggy\u0171l\u00e9s<br \/>\ndecember 11-\u00e9n 17:00 \u00f3r\u00e1t\u00f3l a \u201eBety\u00e1r Cs\u00e1rda\u201d \u00e9tteremben,<br \/>\nBeyerstra\u00dfe 28, 09113 Chemnitz<\/h3>\n<p style=\"text-align: left;\">hez.<\/p>\n<p><strong>A k\u00f6vetkez\u0151 napirend szerepel a tervben:<\/strong><\/p>\n<ol>\n<li>Az idei rendezv\u00e9nyek \u00e9rt\u00e9kel\u00e9se<\/li>\n<li>Az egyes\u00fclet p\u00e9nz\u00fcgyi helyzet\u00e9r\u0151l sz\u00f3l\u00f3 r\u00f6vid t\u00e1j\u00e9koztat\u00f3 2026<\/li>\n<li>Rendezv\u00e9nytervez\u00e9s 2027-re<\/li>\n<\/ol>\n<p><strong>A taggy\u0171l\u00e9s ut\u00e1n megrendez\u00e9sre ker\u00fcl a kar\u00e1csonyi \u00fcnneps\u00e9g\u00fcnk. <\/strong><\/p>\n<p>A R\u00c9SZLETEK M\u00c9G K\u00d6ZZ\u00c9T\u00c9TELRE KER\u00dcLNEK.<\/p>\n<p>&nbsp;<\/p>\n<p>Minden rendezv\u00e9nyre a k\u00f6vetkez\u0151k vonatkoznak: A rendezv\u00e9nyr\u0151l kiz\u00e1rjuk azokat a szem\u00e9lyeket, akik sz\u00e9ls\u0151s\u00e9ges szervezetekhez tartoznak, sz\u00e9ls\u0151s\u00e9ges szc\u00e9n\u00e1hoz k\u00f6t\u0151dnek, vagy a m\u00faltban m\u00e1r tettek rasszista, nacionalista, antiszemita vagy m\u00e1s embertelen kijelent\u00e9seket. A szervez\u0151k fenntartj\u00e1k a jogot, hogy \u00e9ljenek a h\u00e1zi jogukkal, \u00e9s megtagadj\u00e1k ezekt\u0151l a szem\u00e9lyekt\u0151l a rendezv\u00e9nyre val\u00f3 bel\u00e9p\u00e9st, vagy kiz\u00e1rj\u00e1k \u0151ket onnan.<\/p>\n","protected":false},"excerpt":{"rendered":"<p>Megh\u00edv\u00f3 a taggy\u0171l\u00e9sre \u00e9s kar\u00e1csonyi \u00fcnneps\u00e9gre Kedves Egyes\u00fcleti Tagok! Az egyes\u00fclet vezet\u0151s\u00e9ge nev\u00e9ben szeretettel megh\u00edvjuk \u00d6nt a Taggy\u0171l\u00e9s december 11-\u00e9n 17:00 \u00f3r\u00e1t\u00f3l a \u201eBety\u00e1r Cs\u00e1rda\u201d \u00e9tteremben, Beyerstra\u00dfe 28, 09113 Chemnitz [&hellip;]<\/p>\n","protected":false},"author":7,"featured_media":0,"template":"","meta":{"_et_pb_use_builder":"","_et_pb_old_content":"","_et_gb_content_width":"","_tribe_events_status":"","_tribe_events_status_reason":"","footnotes":""},"tags":[],"tribe_events_cat":[133],"class_list":["post-36046","tribe_events","type-tribe_events","status-publish","hentry","tribe_events_cat-taggyules","cat_taggyules"],"yoast_head":"<!-- This site is optimized with the Yoast SEO plugin v27.5 - https:\/\/yoast.com\/product\/yoast-seo-wordpress\/ -->\n<title>Taggy\u0171l\u00e9s \u00e9s kar\u00e1csonyi \u00fcnneps\u00e9g 2026. december 11-\u00e9n<\/title>\n<meta name=\"description\" content=\"Inform\u00e1ci\u00f3k a 2026. \u00e9vi k\u00f6zgy\u0171l\u00e9sr\u0151l \u00e9s kar\u00e1csonyi \u00fcnneps\u00e9gr\u0151l: egyes\u00fclet\u00fcnk tagjai 2026. december 11-\u00e9n tal\u00e1lkoznak.\" \/>\n<meta name=\"robots\" content=\"index, follow, max-snippet:-1, max-image-preview:large, max-video-preview:-1\" \/>\n<link rel=\"canonical\" href=\"https:\/\/www.ungarn-in-sachsen.de\/hu\/veranstaltung\/mitglieder-versammlung-und-weihnachtsfeier-am-11-dezember-2026\/\" \/>\n<meta property=\"og:locale\" content=\"hu_HU\" \/>\n<meta property=\"og:type\" content=\"article\" \/>\n<meta property=\"og:title\" content=\"Taggy\u0171l\u00e9s \u00e9s kar\u00e1csonyi \u00fcnneps\u00e9g 2026. december 11-\u00e9n\" \/>\n<meta property=\"og:description\" content=\"Inform\u00e1ci\u00f3k a 2026. \u00e9vi k\u00f6zgy\u0171l\u00e9sr\u0151l \u00e9s kar\u00e1csonyi \u00fcnneps\u00e9gr\u0151l: egyes\u00fclet\u00fcnk tagjai 2026. december 11-\u00e9n tal\u00e1lkoznak.\" \/>\n<meta property=\"og:url\" content=\"https:\/\/www.ungarn-in-sachsen.de\/hu\/veranstaltung\/mitglieder-versammlung-und-weihnachtsfeier-am-11-dezember-2026\/\" \/>\n<meta property=\"og:site_name\" content=\"Ungarischer Kulturverein Chemnitz und Umgebung e. V.\" \/>\n<meta property=\"article:publisher\" content=\"https:\/\/www.facebook.com\/Ungarischer-Kulturverein-Chemnitz-und-Umgebung-eV-229421257171599\/\" \/>\n<meta name=\"twitter:card\" content=\"summary_large_image\" \/>\n<meta name=\"twitter:label1\" content=\"Becs\u00fclt olvas\u00e1si id\u0151\" \/>\n\t<meta name=\"twitter:data1\" content=\"1 perc\" \/>\n<script type=\"application\/ld+json\" class=\"yoast-schema-graph\">{\"@context\":\"https:\\\/\\\/schema.org\",\"@graph\":[{\"@type\":\"WebPage\",\"@id\":\"https:\\\/\\\/www.ungarn-in-sachsen.de\\\/hu\\\/veranstaltung\\\/mitglieder-versammlung-und-weihnachtsfeier-am-11-dezember-2026\\\/\",\"url\":\"https:\\\/\\\/www.ungarn-in-sachsen.de\\\/hu\\\/veranstaltung\\\/mitglieder-versammlung-und-weihnachtsfeier-am-11-dezember-2026\\\/\",\"name\":\"Taggy\u0171l\u00e9s \u00e9s kar\u00e1csonyi \u00fcnneps\u00e9g 2026. december 11-\u00e9n\",\"isPartOf\":{\"@id\":\"https:\\\/\\\/www.ungarn-in-sachsen.de\\\/hu\\\/#website\"},\"datePublished\":\"2026-01-03T18:40:35+00:00\",\"description\":\"Inform\u00e1ci\u00f3k a 2026. \u00e9vi k\u00f6zgy\u0171l\u00e9sr\u0151l \u00e9s kar\u00e1csonyi \u00fcnneps\u00e9gr\u0151l: egyes\u00fclet\u00fcnk tagjai 2026. december 11-\u00e9n tal\u00e1lkoznak.\",\"breadcrumb\":{\"@id\":\"https:\\\/\\\/www.ungarn-in-sachsen.de\\\/hu\\\/veranstaltung\\\/mitglieder-versammlung-und-weihnachtsfeier-am-11-dezember-2026\\\/#breadcrumb\"},\"inLanguage\":\"hu\",\"potentialAction\":[{\"@type\":\"ReadAction\",\"target\":[\"https:\\\/\\\/www.ungarn-in-sachsen.de\\\/hu\\\/veranstaltung\\\/mitglieder-versammlung-und-weihnachtsfeier-am-11-dezember-2026\\\/\"]}]},{\"@type\":\"BreadcrumbList\",\"@id\":\"https:\\\/\\\/www.ungarn-in-sachsen.de\\\/hu\\\/veranstaltung\\\/mitglieder-versammlung-und-weihnachtsfeier-am-11-dezember-2026\\\/#breadcrumb\",\"itemListElement\":[{\"@type\":\"ListItem\",\"position\":1,\"name\":\"Startseite\",\"item\":\"https:\\\/\\\/www.ungarn-in-sachsen.de\\\/hu\\\/\"},{\"@type\":\"ListItem\",\"position\":2,\"name\":\"Esem\u00e9nyek\",\"item\":\"https:\\\/\\\/www.ungarn-in-sachsen.de\\\/hu\\\/kalender\\\/\"},{\"@type\":\"ListItem\",\"position\":3,\"name\":\"Mitglieder-Versammlung und Weihnachtsfeier am 11. Dezember 2026\"}]},{\"@type\":\"WebSite\",\"@id\":\"https:\\\/\\\/www.ungarn-in-sachsen.de\\\/hu\\\/#website\",\"url\":\"https:\\\/\\\/www.ungarn-in-sachsen.de\\\/hu\\\/\",\"name\":\"Ungarischer Kulturverein Chemnitz und Umgebung e. V.\",\"description\":\"Treffpunkt f\u00fcr Freunde der ungarischen Kultur\",\"publisher\":{\"@id\":\"https:\\\/\\\/www.ungarn-in-sachsen.de\\\/hu\\\/#organization\"},\"potentialAction\":[{\"@type\":\"SearchAction\",\"target\":{\"@type\":\"EntryPoint\",\"urlTemplate\":\"https:\\\/\\\/www.ungarn-in-sachsen.de\\\/hu\\\/?s={search_term_string}\"},\"query-input\":{\"@type\":\"PropertyValueSpecification\",\"valueRequired\":true,\"valueName\":\"search_term_string\"}}],\"inLanguage\":\"hu\"},{\"@type\":\"Organization\",\"@id\":\"https:\\\/\\\/www.ungarn-in-sachsen.de\\\/hu\\\/#organization\",\"name\":\"Ungarischer Kulturverein Chemnitz und Umgebung e.V.\",\"url\":\"https:\\\/\\\/www.ungarn-in-sachsen.de\\\/hu\\\/\",\"logo\":{\"@type\":\"ImageObject\",\"inLanguage\":\"hu\",\"@id\":\"https:\\\/\\\/www.ungarn-in-sachsen.de\\\/hu\\\/#\\\/schema\\\/logo\\\/image\\\/\",\"url\":\"https:\\\/\\\/www.ungarn-in-sachsen.de\\\/wp-content\\\/uploads\\\/2019\\\/04\\\/logo.jpg\",\"contentUrl\":\"https:\\\/\\\/www.ungarn-in-sachsen.de\\\/wp-content\\\/uploads\\\/2019\\\/04\\\/logo.jpg\",\"width\":266,\"height\":170,\"caption\":\"Ungarischer Kulturverein Chemnitz und Umgebung e.V.\"},\"image\":{\"@id\":\"https:\\\/\\\/www.ungarn-in-sachsen.de\\\/hu\\\/#\\\/schema\\\/logo\\\/image\\\/\"},\"sameAs\":[\"https:\\\/\\\/www.facebook.com\\\/Ungarischer-Kulturverein-Chemnitz-und-Umgebung-eV-229421257171599\\\/\"]}]}<\/script>\n<!-- \/ Yoast SEO plugin. -->","yoast_head_json":{"title":"Taggy\u0171l\u00e9s \u00e9s kar\u00e1csonyi \u00fcnneps\u00e9g 2026. december 11-\u00e9n","description":"Inform\u00e1ci\u00f3k a 2026. \u00e9vi k\u00f6zgy\u0171l\u00e9sr\u0151l \u00e9s kar\u00e1csonyi \u00fcnneps\u00e9gr\u0151l: egyes\u00fclet\u00fcnk tagjai 2026. december 11-\u00e9n tal\u00e1lkoznak.","robots":{"index":"index","follow":"follow","max-snippet":"max-snippet:-1","max-image-preview":"max-image-preview:large","max-video-preview":"max-video-preview:-1"},"canonical":"https:\/\/www.ungarn-in-sachsen.de\/hu\/veranstaltung\/mitglieder-versammlung-und-weihnachtsfeier-am-11-dezember-2026\/","og_locale":"hu_HU","og_type":"article","og_title":"Taggy\u0171l\u00e9s \u00e9s kar\u00e1csonyi \u00fcnneps\u00e9g 2026. december 11-\u00e9n","og_description":"Inform\u00e1ci\u00f3k a 2026. \u00e9vi k\u00f6zgy\u0171l\u00e9sr\u0151l \u00e9s kar\u00e1csonyi \u00fcnneps\u00e9gr\u0151l: egyes\u00fclet\u00fcnk tagjai 2026. december 11-\u00e9n tal\u00e1lkoznak.","og_url":"https:\/\/www.ungarn-in-sachsen.de\/hu\/veranstaltung\/mitglieder-versammlung-und-weihnachtsfeier-am-11-dezember-2026\/","og_site_name":"Ungarischer Kulturverein Chemnitz und Umgebung e. V.","article_publisher":"https:\/\/www.facebook.com\/Ungarischer-Kulturverein-Chemnitz-und-Umgebung-eV-229421257171599\/","twitter_card":"summary_large_image","twitter_misc":{"Becs\u00fclt olvas\u00e1si id\u0151":"1 perc"},"schema":{"@context":"https:\/\/schema.org","@graph":[{"@type":"WebPage","@id":"https:\/\/www.ungarn-in-sachsen.de\/hu\/veranstaltung\/mitglieder-versammlung-und-weihnachtsfeier-am-11-dezember-2026\/","url":"https:\/\/www.ungarn-in-sachsen.de\/hu\/veranstaltung\/mitglieder-versammlung-und-weihnachtsfeier-am-11-dezember-2026\/","name":"Taggy\u0171l\u00e9s \u00e9s kar\u00e1csonyi \u00fcnneps\u00e9g 2026. december 11-\u00e9n","isPartOf":{"@id":"https:\/\/www.ungarn-in-sachsen.de\/hu\/#website"},"datePublished":"2026-01-03T18:40:35+00:00","description":"Inform\u00e1ci\u00f3k a 2026. \u00e9vi k\u00f6zgy\u0171l\u00e9sr\u0151l \u00e9s kar\u00e1csonyi \u00fcnneps\u00e9gr\u0151l: egyes\u00fclet\u00fcnk tagjai 2026. december 11-\u00e9n tal\u00e1lkoznak.","breadcrumb":{"@id":"https:\/\/www.ungarn-in-sachsen.de\/hu\/veranstaltung\/mitglieder-versammlung-und-weihnachtsfeier-am-11-dezember-2026\/#breadcrumb"},"inLanguage":"hu","potentialAction":[{"@type":"ReadAction","target":["https:\/\/www.ungarn-in-sachsen.de\/hu\/veranstaltung\/mitglieder-versammlung-und-weihnachtsfeier-am-11-dezember-2026\/"]}]},{"@type":"BreadcrumbList","@id":"https:\/\/www.ungarn-in-sachsen.de\/hu\/veranstaltung\/mitglieder-versammlung-und-weihnachtsfeier-am-11-dezember-2026\/#breadcrumb","itemListElement":[{"@type":"ListItem","position":1,"name":"Startseite","item":"https:\/\/www.ungarn-in-sachsen.de\/hu\/"},{"@type":"ListItem","position":2,"name":"Esem\u00e9nyek","item":"https:\/\/www.ungarn-in-sachsen.de\/hu\/kalender\/"},{"@type":"ListItem","position":3,"name":"Mitglieder-Versammlung und Weihnachtsfeier am 11. Dezember 2026"}]},{"@type":"WebSite","@id":"https:\/\/www.ungarn-in-sachsen.de\/hu\/#website","url":"https:\/\/www.ungarn-in-sachsen.de\/hu\/","name":"Ungarischer Kulturverein Chemnitz und Umgebung e. V.","description":"Treffpunkt f\u00fcr Freunde der ungarischen Kultur","publisher":{"@id":"https:\/\/www.ungarn-in-sachsen.de\/hu\/#organization"},"potentialAction":[{"@type":"SearchAction","target":{"@type":"EntryPoint","urlTemplate":"https:\/\/www.ungarn-in-sachsen.de\/hu\/?s={search_term_string}"},"query-input":{"@type":"PropertyValueSpecification","valueRequired":true,"valueName":"search_term_string"}}],"inLanguage":"hu"},{"@type":"Organization","@id":"https:\/\/www.ungarn-in-sachsen.de\/hu\/#organization","name":"Ungarischer Kulturverein Chemnitz und Umgebung e.V.","url":"https:\/\/www.ungarn-in-sachsen.de\/hu\/","logo":{"@type":"ImageObject","inLanguage":"hu","@id":"https:\/\/www.ungarn-in-sachsen.de\/hu\/#\/schema\/logo\/image\/","url":"https:\/\/www.ungarn-in-sachsen.de\/wp-content\/uploads\/2019\/04\/logo.jpg","contentUrl":"https:\/\/www.ungarn-in-sachsen.de\/wp-content\/uploads\/2019\/04\/logo.jpg","width":266,"height":170,"caption":"Ungarischer Kulturverein Chemnitz und Umgebung e.V."},"image":{"@id":"https:\/\/www.ungarn-in-sachsen.de\/hu\/#\/schema\/logo\/image\/"},"sameAs":["https:\/\/www.facebook.com\/Ungarischer-Kulturverein-Chemnitz-und-Umgebung-eV-229421257171599\/"]}]}},"_links":{"self":[{"href":"https:\/\/www.ungarn-in-sachsen.de\/hu\/wp-json\/wp\/v2\/tribe_events\/36046","targetHints":{"allow":["GET"]}}],"collection":[{"href":"https:\/\/www.ungarn-in-sachsen.de\/hu\/wp-json\/wp\/v2\/tribe_events"}],"about":[{"href":"https:\/\/www.ungarn-in-sachsen.de\/hu\/wp-json\/wp\/v2\/types\/tribe_events"}],"author":[{"embeddable":true,"href":"https:\/\/www.ungarn-in-sachsen.de\/hu\/wp-json\/wp\/v2\/users\/7"}],"version-history":[{"count":0,"href":"https:\/\/www.ungarn-in-sachsen.de\/hu\/wp-json\/wp\/v2\/tribe_events\/36046\/revisions"}],"wp:attachment":[{"href":"https:\/\/www.ungarn-in-sachsen.de\/hu\/wp-json\/wp\/v2\/media?parent=36046"}],"wp:term":[{"taxonomy":"post_tag","embeddable":true,"href":"https:\/\/www.ungarn-in-sachsen.de\/hu\/wp-json\/wp\/v2\/tags?post=36046"},{"taxonomy":"tribe_events_cat","embeddable":true,"href":"https:\/\/www.ungarn-in-sachsen.de\/hu\/wp-json\/wp\/v2\/tribe_events_cat?post=36046"}],"curies":[{"name":"wp","href":"https:\/\/api.w.org\/{rel}","templated":true}]}}